{"id":2356,"date":"2023-07-14T07:53:22","date_gmt":"2023-07-14T07:53:22","guid":{"rendered":"https:\/\/mindremtb.dk\/?page_id=2356"},"modified":"2024-03-25T19:59:21","modified_gmt":"2024-03-25T19:59:21","slug":"oplevelser-kommentarer","status":"publish","type":"page","link":"https:\/\/mindremtb.dk\/index.php\/oplevelser-kommentarer\/","title":{"rendered":"Beretninger"},"content":{"rendered":"\t\t<div data-elementor-type=\"wp-page\" data-elementor-id=\"2356\" class=\"elementor elementor-2356\">\n\t\t\t\t\t\t\t\t\t<section class=\"elementor-section elementor-top-section elementor-element elementor-element-400209f elementor-section-height-min-height elementor-section-items-top elementor-section-boxed elementor-section-height-default\" data-id=\"400209f\" data-element_type=\"section\" data-settings=\"{&quot;background_background&quot;:&quot;classic&quot;}\">\n\t\t\t\t\t\t<div class=\"elementor-container elementor-column-gap-default\">\n\t\t\t\t\t<div class=\"elementor-column elementor-col-100 elementor-top-column elementor-element elementor-element-33189e0\" data-id=\"33189e0\" data-element_type=\"column\">\n\t\t\t<div class=\"elementor-widget-wrap elementor-element-populated\">\n\t\t\t\t\t\t\t\t<div class=\"elementor-element elementor-element-7ed48e1 elementor-widget elementor-widget-spacer\" data-id=\"7ed48e1\" data-element_type=\"widget\" data-widget_type=\"spacer.default\">\n\t\t\t\t<div class=\"elementor-widget-container\">\n\t\t\t<style>\/*! elementor - v3.18.0 - 20-12-2023 *\/\n.elementor-column .elementor-spacer-inner{height:var(--spacer-size)}.e-con{--container-widget-width:100%}.e-con-inner>.elementor-widget-spacer,.e-con>.elementor-widget-spacer{width:var(--container-widget-width,var(--spacer-size));--align-self:var(--container-widget-align-self,initial);--flex-shrink:0}.e-con-inner>.elementor-widget-spacer>.elementor-widget-container,.e-con>.elementor-widget-spacer>.elementor-widget-container{height:100%;width:100%}.e-con-inner>.elementor-widget-spacer>.elementor-widget-container>.elementor-spacer,.e-con>.elementor-widget-spacer>.elementor-widget-container>.elementor-spacer{height:100%}.e-con-inner>.elementor-widget-spacer>.elementor-widget-container>.elementor-spacer>.elementor-spacer-inner,.e-con>.elementor-widget-spacer>.elementor-widget-container>.elementor-spacer>.elementor-spacer-inner{height:var(--container-widget-height,var(--spacer-size))}.e-con-inner>.elementor-widget-spacer.elementor-widget-empty,.e-con>.elementor-widget-spacer.elementor-widget-empty{position:relative;min-height:22px;min-width:22px}.e-con-inner>.elementor-widget-spacer.elementor-widget-empty .elementor-widget-empty-icon,.e-con>.elementor-widget-spacer.elementor-widget-empty .elementor-widget-empty-icon{position:absolute;top:0;bottom:0;left:0;right:0;margin:auto;padding:0;width:22px;height:22px}<\/style>\t\t<div class=\"elementor-spacer\">\n\t\t\t<div class=\"elementor-spacer-inner\"><\/div>\n\t\t<\/div>\n\t\t\t\t<\/div>\n\t\t\t\t<\/div>\n\t\t\t\t<div class=\"elementor-element elementor-element-5451879 elementor-widget elementor-widget-heading\" data-id=\"5451879\" data-element_type=\"widget\" data-widget_type=\"heading.default\">\n\t\t\t\t<div class=\"elementor-widget-container\">\n\t\t\t<style>\/*! elementor - v3.18.0 - 20-12-2023 *\/\n.elementor-heading-title{padding:0;margin:0;line-height:1}.elementor-widget-heading .elementor-heading-title[class*=elementor-size-]>a{color:inherit;font-size:inherit;line-height:inherit}.elementor-widget-heading .elementor-heading-title.elementor-size-small{font-size:15px}.elementor-widget-heading .elementor-heading-title.elementor-size-medium{font-size:19px}.elementor-widget-heading .elementor-heading-title.elementor-size-large{font-size:29px}.elementor-widget-heading .elementor-heading-title.elementor-size-xl{font-size:39px}.elementor-widget-heading .elementor-heading-title.elementor-size-xxl{font-size:59px}<\/style><h1 class=\"elementor-heading-title elementor-size-default\">Beretninger<\/h1>\t\t<\/div>\n\t\t\t\t<\/div>\n\t\t\t\t\t<\/div>\n\t\t<\/div>\n\t\t\t\t\t\t\t<\/div>\n\t\t<\/section>\n\t\t\t\t<section class=\"elementor-section elementor-top-section elementor-element elementor-element-4d43bc0 elementor-section-boxed elementor-section-height-default elementor-section-height-default\" data-id=\"4d43bc0\" data-element_type=\"section\">\n\t\t\t\t\t\t<div class=\"elementor-container elementor-column-gap-default\">\n\t\t\t\t\t<div class=\"elementor-column elementor-col-100 elementor-top-column elementor-element elementor-element-c3caa45\" data-id=\"c3caa45\" data-element_type=\"column\">\n\t\t\t<div class=\"elementor-widget-wrap elementor-element-populated\">\n\t\t\t\t\t\t\t\t<div class=\"elementor-element elementor-element-0324a79 elementor-widget elementor-widget-text-editor\" data-id=\"0324a79\" data-element_type=\"widget\" data-widget_type=\"text-editor.default\">\n\t\t\t\t<div class=\"elementor-widget-container\">\n\t\t\t<style>\/*! elementor - v3.18.0 - 20-12-2023 *\/\n.elementor-widget-text-editor.elementor-drop-cap-view-stacked .elementor-drop-cap{background-color:#69727d;color:#fff}.elementor-widget-text-editor.elementor-drop-cap-view-framed .elementor-drop-cap{color:#69727d;border:3px solid;background-color:transparent}.elementor-widget-text-editor:not(.elementor-drop-cap-view-default) .elementor-drop-cap{margin-top:8px}.elementor-widget-text-editor:not(.elementor-drop-cap-view-default) .elementor-drop-cap-letter{width:1em;height:1em}.elementor-widget-text-editor .elementor-drop-cap{float:left;text-align:center;line-height:1;font-size:50px}.elementor-widget-text-editor .elementor-drop-cap-letter{display:inline-block}<\/style>\t\t\t\t<h3><b>Medlemmers beretninger.<\/b><\/h3><p>Alle fort\u00e6llinger er anonymiseret, men er redaktionen bekendt<\/p>\t\t\t\t\t\t<\/div>\n\t\t\t\t<\/div>\n\t\t\t\t\t<\/div>\n\t\t<\/div>\n\t\t\t\t\t\t\t<\/div>\n\t\t<\/section>\n\t\t\t\t<section class=\"elementor-section elementor-top-section elementor-element elementor-element-1c30f50 elementor-section-boxed elementor-section-height-default elementor-section-height-default\" data-id=\"1c30f50\" data-element_type=\"section\">\n\t\t\t\t\t\t<div class=\"elementor-container elementor-column-gap-default\">\n\t\t\t\t\t<div class=\"elementor-column elementor-col-50 elementor-top-column elementor-element elementor-element-f534ca6\" data-id=\"f534ca6\" data-element_type=\"column\">\n\t\t\t<div class=\"elementor-widget-wrap elementor-element-populated\">\n\t\t\t\t\t\t\t\t<div class=\"elementor-element elementor-element-7ba541f elementor-widget elementor-widget-text-editor\" data-id=\"7ba541f\" data-element_type=\"widget\" data-widget_type=\"text-editor.default\">\n\t\t\t\t<div class=\"elementor-widget-container\">\n\t\t\t\t\t\t\t<p><span style=\"font-style: inherit; background-color: var(--ast-global-color-5); color: var(--ast-global-color-3);\"><b>Svend, Slangerup 2021<\/b><\/span><\/p><p><span style=\"font-style: inherit; font-weight: inherit; background-color: var(--ast-global-color-5); color: var(--ast-global-color-3);\">\u00a0<\/span><\/p><p><span style=\"font-style: inherit; font-weight: inherit; background-color: var(--ast-global-color-5); color: var(--ast-global-color-3);\">Lystrup skov er en lille skov, og naturelskere har i mange \u00e5r kunne f\u00e6rdes i ro og fred.\u00a0 Men det kan de ikke l\u00e6ngere.\u00a0<\/span><\/p><div dir=\"auto\">Jeg var af den opfattelse,\u00a0 at naturstyrelsen ville v\u00e6rne om naturen, men det er \u00e5benlyst ikke tilf\u00e6ldet.\u00a0<\/div><div dir=\"auto\">Jeg har forst\u00e5else for, at alle gerne vil bruge skoven, men MTB er en stor gruppe, som skiller sig ud fra andre g\u00e6ster i skoven<\/div><div dir=\"auto\">\u00a0<\/div><div dir=\"auto\">Som nabo til en af skovens p-pladser, oplever jeg meget st\u00f8j i weekenderne. Der ankommer mange biler, og materiel skal l\u00e6sses af og der skal hygges og fort\u00e6lles historier.<\/div><div dir=\"auto\">Lydniveauet er h\u00f8jt og lyden g\u00e5r langt. Som nabo er det meget forstyrrende, n\u00e5r der er st\u00f8j hver weekend.<\/div><div dir=\"auto\">Jeg oplever ikke, at MTB t\u00e6nker p\u00e5 det er naboer lige over for p-pladsen.\u00a0<\/div><div dir=\"auto\">Det samme g\u00e6lder den meget st\u00f8jende l\u00f8vbl\u00e6ser, der benyttes timevis flere gange om \u00e5ret<\/div><div dir=\"auto\">\u00a0<\/div><div dir=\"auto\">Nogle t\u00e6nker heller ikke over, at der f\u00e6rdes b\u00e5de \u00e6ldre og b\u00f8rn i skoven. Selv har jeg haft flere ubehagelige oplevelser,\u00a0 n\u00e5r jeg har g\u00e5et tur p\u00e5 de store skovveje.\u00a0 Ofte giver MTB sig ikke til kende, men strejfer forbi i h\u00f8j fart.<\/div><div dir=\"auto\">\u00a0<\/div><div dir=\"auto\">Det er ogs\u00e5 meget generende, n\u00e5r de k\u00f8rer med meget kraftigt lys i m\u00f8rket. Det m\u00e5 ogs\u00e5 v\u00e6re voldsomt generende for skovens dyr<\/div><div dir=\"auto\">\u00a0<\/div><div dir=\"auto\">H\u00e5ber der kan findes en l\u00f8sning og en begr\u00e6nsning af MTB i skoven<\/div><div dir=\"auto\">&#8212;&#8212;-.&#8212;&#8212;-.&#8212;&#8212;-.&#8212;&#8212;-.&#8212;&#8212;-.&#8212;&#8212;-.&#8212;&#8212;-.&#8212;&#8212;-.&#8212;&#8212;-.&#8212;&#8212;-.&#8212;&#8212;-.&#8212;&#8212;-.&#8212;&#8212;<\/div>\t\t\t\t\t\t<\/div>\n\t\t\t\t<\/div>\n\t\t\t\t\t<\/div>\n\t\t<\/div>\n\t\t\t\t<div class=\"elementor-column elementor-col-50 elementor-top-column elementor-element elementor-element-9aebece\" data-id=\"9aebece\" data-element_type=\"column\">\n\t\t\t<div class=\"elementor-widget-wrap elementor-element-populated\">\n\t\t\t\t\t\t\t\t<div class=\"elementor-element elementor-element-07d228f elementor-widget elementor-widget-text-editor\" data-id=\"07d228f\" data-element_type=\"widget\" data-widget_type=\"text-editor.default\">\n\t\t\t\t<div class=\"elementor-widget-container\">\n\t\t\t\t\t\t\t<p><b>Christian, Frederiksund 2020<\/b><\/p><p><span style=\"background-color: var(--ast-global-color-5); color: var(--ast-global-color-3); font-style: inherit; font-weight: inherit;\">\u00a0<\/span><\/p><p><span style=\"background-color: var(--ast-global-color-5); color: var(--ast-global-color-3); font-style: inherit; font-weight: inherit;\">Jeg er en mand i min bedste alder fra Frederikssund.\u00a0\u00a0<\/span><\/p><p>\u00a0<\/p><p>Jeg er\/har v\u00e6ret MTB rytter p\u00e5 ren hygge\/motionsplan. Jeg har k\u00f8rt mange \u00e5r i Lystrup skov, men gennem de sidste 3-4 \u00e5r, er det blevet mindre og mindre hyggeligt at komme i skoven pga massiv trafik og voldsomt hurtige cykler, s\u00e5 jeg havde faktisk stoppet min ud\u00f8velse af sporten. En s\u00f8ndag for\u00e5rsformiddag tog jeg alligevel en tur, og fik mildest talt et chok.<\/p><p>For det f\u00f8rste lignede skoven noget, der havde v\u00e6ret udsat for en motorsavsmassakre. For det andet var der rigtig mange mtb-ryttere alle vegne, og de k\u00f8rte meget st\u00e6rkt. B\u00e5de p\u00e5 mtb-sporet, hvor jeg i den grad f\u00f8lte jeg var i vejen med min motion cyklist form og hurtigt forf\u00f8jede mig v\u00e6k fra sporet. Men ogs\u00e5 p\u00e5 de store grusveje, hvor jeg blev overhalet i h\u00f8j fart et par gange. Jeg havde fornemmelsen afsat v\u00e6re endt midt p\u00e5 motorvejen. S\u00e5 jeg har cyklet min sidste tur i skoven.<\/p><p>\u00a0<\/p><p>Jeg er ogs\u00e5 et stort naturmenneske. S\u00e5 jeg har sv\u00e6rt ved at forst\u00e5 id\u00e9en med at brol\u00e6gge skove, fylde op med grus og sten og lave decideret sportsanl\u00e6g i skovene. Forts\u00e6tter dette, t\u00e6nker jeg at man \u00f8del\u00e6gger naturen, samt naturoplevelsen for andre g\u00e6ster i skoven<\/p><p>Selvf\u00f8lgelig skal skoven benyttes. Men alt med m\u00e5de og vi skal v\u00e6rne om vores natur. Den form for mtb k\u00f8rsel, der eksisterer i dag, synes jeg ikke h\u00f8rer hjemme i naturen.<\/p><p>Selvom jeg er mtb rytter, forst\u00e5r jeg faktisk godt, at andre grupper kan f\u00f8le sig presset i skoven.<\/p><p>Hilsen Christian\u00a0<\/p><p>&#8212;&#8212;-.&#8212;&#8212;-.&#8212;&#8212;-.&#8212;&#8212;-.&#8212;&#8212;-.&#8212;&#8212;-.&#8212;&#8212;-.&#8212;&#8212;-.&#8212;&#8212;-.&#8212;&#8212;-.&#8212;&#8212;-<\/p>\t\t\t\t\t\t<\/div>\n\t\t\t\t<\/div>\n\t\t\t\t\t<\/div>\n\t\t<\/div>\n\t\t\t\t\t\t\t<\/div>\n\t\t<\/section>\n\t\t\t\t<section class=\"elementor-section elementor-top-section elementor-element elementor-element-1afb948 elementor-section-boxed elementor-section-height-default elementor-section-height-default\" data-id=\"1afb948\" data-element_type=\"section\">\n\t\t\t\t\t\t<div class=\"elementor-container elementor-column-gap-default\">\n\t\t\t\t\t<div class=\"elementor-column elementor-col-25 elementor-top-column elementor-element elementor-element-a2133a4\" data-id=\"a2133a4\" data-element_type=\"column\">\n\t\t\t<div class=\"elementor-widget-wrap elementor-element-populated\">\n\t\t\t\t\t\t\t\t<div class=\"elementor-element elementor-element-63c320e elementor-widget elementor-widget-text-editor\" data-id=\"63c320e\" data-element_type=\"widget\" data-widget_type=\"text-editor.default\">\n\t\t\t\t<div class=\"elementor-widget-container\">\n\t\t\t\t\t\t\t<p>\u00a0<\/p><p><b>Peter, Herlev 2021<\/b><\/p><p><b>\u00a0<\/b><\/p><p><b>\u00a0<\/b><span style=\"font-style: inherit; font-weight: inherit; background-color: var(--ast-global-color-5); color: var(--ast-global-color-3);\">Rigtig mange skove, is\u00e6r omkring K\u00f8benhavn, er alt for h\u00e5rdt belastet af mtb og den vilde natur truet<\/span><\/p><p><span style=\"font-style: inherit; font-weight: inherit; background-color: var(--ast-global-color-5); color: var(--ast-global-color-3);\">&#8212;&#8212;-.&#8212;&#8212;-.&#8212;&#8212;-.&#8212;&#8212;-.&#8212;&#8212;-.&#8212;&#8212;-<\/span><\/p>\t\t\t\t\t\t<\/div>\n\t\t\t\t<\/div>\n\t\t\t\t\t<\/div>\n\t\t<\/div>\n\t\t\t\t<div class=\"elementor-column elementor-col-50 elementor-top-column elementor-element elementor-element-dfe925b\" data-id=\"dfe925b\" data-element_type=\"column\">\n\t\t\t<div class=\"elementor-widget-wrap elementor-element-populated\">\n\t\t\t\t\t\t\t\t<div class=\"elementor-element elementor-element-91f9fe2 elementor-widget elementor-widget-image\" data-id=\"91f9fe2\" data-element_type=\"widget\" data-widget_type=\"image.default\">\n\t\t\t\t<div class=\"elementor-widget-container\">\n\t\t\t<style>\/*! elementor - v3.18.0 - 20-12-2023 *\/\n.elementor-widget-image{text-align:center}.elementor-widget-image a{display:inline-block}.elementor-widget-image a img[src$=\".svg\"]{width:48px}.elementor-widget-image img{vertical-align:middle;display:inline-block}<\/style>\t\t\t\t\t\t\t\t\t\t\t\t<img fetchpriority=\"high\" decoding=\"async\" width=\"200\" height=\"300\" src=\"https:\/\/mindremtb.dk\/wp-content\/uploads\/2023\/04\/pexels-jonathan-cooper-11715051-200x300.jpg\" class=\"attachment-medium size-medium wp-image-2059\" alt=\"\" srcset=\"https:\/\/mindremtb.dk\/wp-content\/uploads\/2023\/04\/pexels-jonathan-cooper-11715051-200x300.jpg 200w, https:\/\/mindremtb.dk\/wp-content\/uploads\/2023\/04\/pexels-jonathan-cooper-11715051-683x1024.jpg 683w, https:\/\/mindremtb.dk\/wp-content\/uploads\/2023\/04\/pexels-jonathan-cooper-11715051-768x1152.jpg 768w, https:\/\/mindremtb.dk\/wp-content\/uploads\/2023\/04\/pexels-jonathan-cooper-11715051-1024x1536.jpg 1024w, https:\/\/mindremtb.dk\/wp-content\/uploads\/2023\/04\/pexels-jonathan-cooper-11715051.jpg 1280w\" sizes=\"(max-width: 200px) 100vw, 200px\" \/>\t\t\t\t\t\t\t\t\t\t\t\t\t\t\t<\/div>\n\t\t\t\t<\/div>\n\t\t\t\t\t<\/div>\n\t\t<\/div>\n\t\t\t\t<div class=\"elementor-column elementor-col-25 elementor-top-column elementor-element elementor-element-3499e9f\" data-id=\"3499e9f\" data-element_type=\"column\">\n\t\t\t<div class=\"elementor-widget-wrap elementor-element-populated\">\n\t\t\t\t\t\t\t\t<div class=\"elementor-element elementor-element-e16c6b0 elementor-widget elementor-widget-text-editor\" data-id=\"e16c6b0\" data-element_type=\"widget\" data-widget_type=\"text-editor.default\">\n\t\t\t\t<div class=\"elementor-widget-container\">\n\t\t\t\t\t\t\t<p>\u00a0<\/p><p><b>Tine, V\u00e6rl\u00f8se 2019<\/b><\/p><p>\u00a0<\/p><p>Jeg ville ogs\u00e5 \u00f8nske flere cykelrytter tog hensyn. Selv n\u00e5r man kommer g\u00e5ende i skoven, er der farlige situationer pga for h\u00f8j fart og ingen hensyntagen<\/p><p>&#8212;&#8212;-.&#8212;&#8212;-.&#8212;&#8212;-.&#8212;&#8212;-.&#8212;&#8212;-.&#8212;&#8211;<\/p>\t\t\t\t\t\t<\/div>\n\t\t\t\t<\/div>\n\t\t\t\t\t<\/div>\n\t\t<\/div>\n\t\t\t\t\t\t\t<\/div>\n\t\t<\/section>\n\t\t\t\t<section class=\"elementor-section elementor-top-section elementor-element elementor-element-d47d414 elementor-section-boxed elementor-section-height-default elementor-section-height-default\" data-id=\"d47d414\" data-element_type=\"section\">\n\t\t\t\t\t\t<div class=\"elementor-container elementor-column-gap-default\">\n\t\t\t\t\t<div class=\"elementor-column elementor-col-100 elementor-top-column elementor-element elementor-element-89fb2bb\" data-id=\"89fb2bb\" data-element_type=\"column\">\n\t\t\t<div class=\"elementor-widget-wrap elementor-element-populated\">\n\t\t\t\t\t\t\t\t<div class=\"elementor-element elementor-element-f44e785 elementor-widget elementor-widget-text-editor\" data-id=\"f44e785\" data-element_type=\"widget\" data-widget_type=\"text-editor.default\">\n\t\t\t\t<div class=\"elementor-widget-container\">\n\t\t\t\t\t\t\t<p><b>Karim, Region Syddanmark 2020<\/b><\/p><p><b>\u00a0<\/b><\/p><p>Det er tydeligt, hvorfor Naturstyrelsen oftere og oftere bliver kaldet for Naturforstyrrelsen. De varetager i hvertfald ikke naturens interesser.<\/p><div dir=\"auto\"><p>For det f\u00f8rste, p\u00e5st\u00e5r Kim S\u00f8derlund, at sporene er til gl\u00e6de for skoven og dets dyr. Den lader vi lige st\u00e5 et \u00f8jeblik. Som biolog vil jeg sammenligne det med at p\u00e5st\u00e5, at bygge motorveje i byerne er til gl\u00e6de for b\u00f8rnene. Nej vel? Det kalder man goddag mand\u00f8kseskaft, hvor jeg kommer fra. Hvis han vil <span style=\"background-color: var(--ast-global-color-5); color: var(--ast-global-color-3); font-size: 1rem;\">underbygge den p\u00e5stand, m\u00e5 han komme med data. Jeg vil gerne se artslister fra f\u00f8r og efter banerne blev bygget og taget i benyttelse. S\u00e5danne lister burde have v\u00e6ret lavet, men er det ikke, for s\u00e5 ville MTB<\/span><\/p><div dir=\"auto\">folkene og Naturforstyrrelsen henvise til dem.\u00a0<\/div><div dir=\"auto\">0g hvordan er det lige, at baner som kun er til gl\u00e6de for et meget, meget sn\u00e6vert udsnit af\u00a0<span style=\"background-color: var(--ast-global-color-5); color: var(--ast-global-color-3); font-size: 1rem;\">befolkningen er til gl\u00e6de for andre skovg\u00e6ster? Hvis S\u00f8derlund lavede en rundsp\u00f8rge blandt befolkningen om det er rimeligt og gl\u00e6deligt, at der skal v\u00e6re hundredevis af kilometer MTB baner i de danske skove, tror jeg han vil f\u00e5 det svar, at det er de f\u00e6rreste som vil have dem. Samtlige jeg kender f\u00f8ler sig utrygge ved dem, de larmer, de skr\u00e6mmer dyrene v\u00e6k (det er der lavet unders\u00f8gelser over) og det er<\/span><\/div><div dir=\"auto\">decideret farligt n\u00e5r de kommer dr\u00f8nende med deres arrogante holdning om, at det er os som skal flytte os, og at det er os som tage hensyn til dem og ikke omvendt. MTB baner h\u00f8rer ikke hjemme i naturen. Det er der ikke noget argument for. Byg i stedet de baner hvor de ikke er til gene eller fare for nogen, hverken dyr, planter eller folk som vil nyde skovens stille ro. Hvad skal de partou v\u00e6re i vores skove for? De kan hverken se noget, fordi de k\u00f8rer for st\u00e6rkt og kan heller ikke h\u00f8re naturen pga den larm de selv laver. Hvis de vil have tr\u00e6er langs de byggede spor, kan de jo bare plante nogle. Se det ville v\u00e6re til gl\u00e6de for naturen, planter og dyr, samt alle os andre brugere af skovene.<\/div><div dir=\"auto\">&#8212;&#8212;-.&#8212;&#8212;-.&#8212;&#8212;-.&#8212;&#8212;-.&#8212;&#8212;&#8211;.&#8212;&#8212;-.&#8212;&#8212;-.&#8212;&#8212;-.&#8212;&#8212;-.&#8212;&#8212;-.&#8212;&#8212;-.&#8212;&#8212;-.&#8212;&#8212;-.&#8212;&#8212;-.&#8212;&#8212;-.&#8212;&#8212;-.&#8212;&#8212;-.&#8212;&#8212;-.&#8212;&#8212;-.&#8212;&#8212;-.&#8212;&#8212;-.&#8212;&#8212;-.&#8212;&#8212;-.&#8212;&#8212;-.&#8212;&#8212;-.&#8212;&#8211;<\/div><\/div>\t\t\t\t\t\t<\/div>\n\t\t\t\t<\/div>\n\t\t\t\t\t<\/div>\n\t\t<\/div>\n\t\t\t\t\t\t\t<\/div>\n\t\t<\/section>\n\t\t\t\t<section class=\"elementor-section elementor-top-section elementor-element elementor-element-b216ef0 elementor-section-boxed elementor-section-height-default elementor-section-height-default\" data-id=\"b216ef0\" data-element_type=\"section\">\n\t\t\t\t\t\t<div class=\"elementor-container elementor-column-gap-default\">\n\t\t\t\t\t<div class=\"elementor-column elementor-col-100 elementor-top-column elementor-element elementor-element-3778a51\" data-id=\"3778a51\" data-element_type=\"column\">\n\t\t\t<div class=\"elementor-widget-wrap elementor-element-populated\">\n\t\t\t\t\t\t\t\t<div class=\"elementor-element elementor-element-be67f1d elementor-widget elementor-widget-text-editor\" data-id=\"be67f1d\" data-element_type=\"widget\" data-widget_type=\"text-editor.default\">\n\t\t\t\t<div class=\"elementor-widget-container\">\n\t\t\t\t\t\t\t<p><strong>Lene, Slangerup 2020<\/strong><\/p><p>\u00a0<\/p><p>K\u00e6re MTB-ryttere i lystrup skov<\/p><p>Jeg er rigtig glad for, at I har f\u00e5et jeres eget cykelspor at k\u00f8rer ad. Men kunne vi ikke lave en aftale om, at I g\u00f8r jer mere synlige, s\u00e6nker farten og viser hensyn til os andre f\u00e6rdende i skoven.<\/p><p>Jeg kom i morges ridende p\u00e5 min hest, da du og din kammerat kom susende i v\u00e6ldig h\u00f8j fart. Min hest, der normalt er bundstabil, sprang til siden, hvorved jeg mistede balancen. Jeg n\u00e5r instinktivt at reagere og hoppe af i stedet for at falde af. Jeg ved ikke om det var fordi jeg nu stod ved siden af hesten og havde fat i den, at I valgte at forts\u00e6tte ufortr\u00f8dent. Men idet I forts\u00e6tter, laver cyklen en lyd i gruset da der tr\u00e6des h\u00e5rdt i pedalerne, og min hest rykker sig fri. Han l\u00f8ber efterf\u00f8lgende hjem til g\u00e5rden&#8230;&#8230;.ud p\u00e5 Lystrupvej blandt busser og biler.<\/p><p>S\u00e5\u00e5\u00e5\u00e5\u00e5&#8230;&#8230;.. igen k\u00e6re mountainbikeryttere, v\u00e6r s\u00f8d at v\u00e6re lidt mere opm\u00e6rksomme p\u00e5\u00a0 andre i skoven. Det skal v\u00e6re sikkert for os alle at f\u00e6rdes der<\/p><p>__.__.__.__.__.__.__.__.__.__.__.__.__.__.__.__.__.__.__.__.__.__.__.__.__.__.__.__.__.__.__.__.__.__.__.__.__.__.__.__.__.__.__.__.__.__.__.__.__.__<\/p>\t\t\t\t\t\t<\/div>\n\t\t\t\t<\/div>\n\t\t\t\t\t<\/div>\n\t\t<\/div>\n\t\t\t\t\t\t\t<\/div>\n\t\t<\/section>\n\t\t\t\t<section class=\"elementor-section elementor-top-section elementor-element elementor-element-d995ed7 elementor-section-boxed elementor-section-height-default elementor-section-height-default\" data-id=\"d995ed7\" data-element_type=\"section\">\n\t\t\t\t\t\t<div class=\"elementor-container elementor-column-gap-default\">\n\t\t\t\t\t<div class=\"elementor-column elementor-col-66 elementor-top-column elementor-element elementor-element-613cbd4\" data-id=\"613cbd4\" data-element_type=\"column\">\n\t\t\t<div class=\"elementor-widget-wrap elementor-element-populated\">\n\t\t\t\t\t\t\t\t<div class=\"elementor-element elementor-element-a5f9392 elementor-widget elementor-widget-text-editor\" data-id=\"a5f9392\" data-element_type=\"widget\" data-widget_type=\"text-editor.default\">\n\t\t\t\t<div class=\"elementor-widget-container\">\n\t\t\t\t\t\t\t<p><b>Lene, Slangerup 2021<\/b><\/p><p>\u00a0<\/p><p>S\u00e5 skete det desv\u00e6rre igen -det nu 2. gang inden for det sidste halve<\/p><div dir=\"auto\">\u00e5r at det sker. Jeg ved godt jeg &#8220;bare&#8221; skal blive p\u00e5 hesten&#8230;.., det vil jeg<\/div><div dir=\"auto\">ogs\u00e5 rigtig gerne&#8230;.,. ogs\u00e5 af sikkerhed til jer. Men, det er alts\u00e5 ret sv\u00e6rt at<\/div><div dir=\"auto\">blive siddende n\u00e5r hesten g\u00e5r i panik over at f\u00e5 4-5 mountainbikere lige ud<\/div><div dir=\"auto\">i hovedet i rasende fart.<\/div><div dir=\"auto\">Jeg vil frygtelig gerne have at vi alle kan v\u00e6re i skoven, men jeg f\u00f8ler<\/div><div dir=\"auto\">\u00e6rgerligt nok at i har alt for travlt med at f\u00e5 s\u00e5 meget ud af jeres sport som<\/div><div dir=\"auto\">muligt og ikke rigtig t\u00e6nker over, at vi ryttere sidder p\u00e5 et 5-600kg. stort<\/div><div dir=\"auto\">k\u00f8dbundt der, n\u00e5r den bliver bange, bare flygter til stor fare for alt omkring<\/div><div dir=\"auto\">hule.<\/div><div dir=\"auto\">Jeg er glad for min datter, holdt hovedet koldt, og der skete ikke noget med<\/div><div dir=\"auto\">hende og hendes pony. Jeg selv er godt m\u00f8rbanket og min hest har<\/div><div dir=\"auto\">desv\u00e6rre f\u00e5et sig et par s\u00e5r, der skal behandles. Mountainbikerne var dog<\/div><div dir=\"auto\">s\u00f8de nok til lige at stoppe op og sp\u00f8rge, om jeg var oki, men lige i<\/div><div dir=\"auto\">situationen var jeg alts\u00e5 ret rundforvirret&#8230;.., m\u00e5ske i lige burde have<\/div><div dir=\"auto\">tjekket noget bedre efter og snakket med min datter, istedet for bare at<\/div><div dir=\"auto\">k\u00f8rer videre?<\/div><div dir=\"auto\">Jeg vil ikke s\u00e5 meget andet med det her opslag end at bede om mere<\/div><div dir=\"auto\">forst\u00e5else og p\u00e5passelighed n\u00e5r vi passerer hinanden der ude i<\/div><div dir=\"auto\">Skoven&#8230;&#8230;,. vi skal jo gerne kunne v\u00e6re der alle sammen&#8230;.. ik&#8217;?!<\/div><div dir=\"auto\">&#8212;&#8212;-.&#8212;&#8212;-.&#8212;&#8212;-.&#8212;&#8212;-.&#8212;&#8212;-.&#8212;&#8212;-.&#8212;&#8212;-.&#8212;&#8212;-.&#8212;&#8212;-.&#8212;&#8212;-.&#8212;&#8212;&#8211;.&#8212;&#8212;-.&#8212;&#8212;-<\/div>\t\t\t\t\t\t<\/div>\n\t\t\t\t<\/div>\n\t\t\t\t\t<\/div>\n\t\t<\/div>\n\t\t\t\t<div class=\"elementor-column elementor-col-33 elementor-top-column elementor-element elementor-element-a160818\" data-id=\"a160818\" data-element_type=\"column\">\n\t\t\t<div class=\"elementor-widget-wrap elementor-element-populated\">\n\t\t\t\t\t\t\t\t<div class=\"elementor-element elementor-element-d37f7ac elementor-widget elementor-widget-image\" data-id=\"d37f7ac\" data-element_type=\"widget\" data-widget_type=\"image.default\">\n\t\t\t\t<div class=\"elementor-widget-container\">\n\t\t\t\t\t\t\t\t\t\t\t\t\t\t\t<img decoding=\"async\" width=\"1024\" height=\"682\" src=\"https:\/\/mindremtb.dk\/wp-content\/uploads\/2023\/04\/pexels-danny-bor-9994207-1024x682.jpg\" class=\"attachment-large size-large wp-image-2068\" alt=\"\" srcset=\"https:\/\/mindremtb.dk\/wp-content\/uploads\/2023\/04\/pexels-danny-bor-9994207-1024x682.jpg 1024w, https:\/\/mindremtb.dk\/wp-content\/uploads\/2023\/04\/pexels-danny-bor-9994207-300x200.jpg 300w, https:\/\/mindremtb.dk\/wp-content\/uploads\/2023\/04\/pexels-danny-bor-9994207-768x512.jpg 768w, https:\/\/mindremtb.dk\/wp-content\/uploads\/2023\/04\/pexels-danny-bor-9994207.jpg 1280w\" sizes=\"(max-width: 1024px) 100vw, 1024px\" \/>\t\t\t\t\t\t\t\t\t\t\t\t\t\t\t<\/div>\n\t\t\t\t<\/div>\n\t\t\t\t\t<\/div>\n\t\t<\/div>\n\t\t\t\t\t\t\t<\/div>\n\t\t<\/section>\n\t\t\t\t<section class=\"elementor-section elementor-top-section elementor-element elementor-element-91809b3 elementor-section-boxed elementor-section-height-default elementor-section-height-default\" data-id=\"91809b3\" data-element_type=\"section\">\n\t\t\t\t\t\t<div class=\"elementor-container elementor-column-gap-default\">\n\t\t\t\t\t<div class=\"elementor-column elementor-col-33 elementor-top-column elementor-element elementor-element-864c850\" data-id=\"864c850\" data-element_type=\"column\">\n\t\t\t<div class=\"elementor-widget-wrap elementor-element-populated\">\n\t\t\t\t\t\t\t\t<div class=\"elementor-element elementor-element-14964e7 elementor-widget elementor-widget-image\" data-id=\"14964e7\" data-element_type=\"widget\" data-widget_type=\"image.default\">\n\t\t\t\t<div class=\"elementor-widget-container\">\n\t\t\t\t\t\t\t\t\t\t\t\t\t\t\t<img decoding=\"async\" width=\"768\" height=\"1256\" src=\"https:\/\/mindremtb.dk\/wp-content\/uploads\/2023\/07\/31-768x1256.jpg\" class=\"attachment-medium_large size-medium_large wp-image-2431\" alt=\"\" srcset=\"https:\/\/mindremtb.dk\/wp-content\/uploads\/2023\/07\/31-768x1256.jpg 768w, https:\/\/mindremtb.dk\/wp-content\/uploads\/2023\/07\/31-183x300.jpg 183w, https:\/\/mindremtb.dk\/wp-content\/uploads\/2023\/07\/31-626x1024.jpg 626w, https:\/\/mindremtb.dk\/wp-content\/uploads\/2023\/07\/31-939x1536.jpg 939w, https:\/\/mindremtb.dk\/wp-content\/uploads\/2023\/07\/31.jpg 1018w\" sizes=\"(max-width: 768px) 100vw, 768px\" \/>\t\t\t\t\t\t\t\t\t\t\t\t\t\t\t<\/div>\n\t\t\t\t<\/div>\n\t\t\t\t\t<\/div>\n\t\t<\/div>\n\t\t\t\t<div class=\"elementor-column elementor-col-66 elementor-top-column elementor-element elementor-element-ba15e99\" data-id=\"ba15e99\" data-element_type=\"column\">\n\t\t\t<div class=\"elementor-widget-wrap elementor-element-populated\">\n\t\t\t\t\t\t\t\t<div class=\"elementor-element elementor-element-868ebfb elementor-widget elementor-widget-text-editor\" data-id=\"868ebfb\" data-element_type=\"widget\" data-widget_type=\"text-editor.default\">\n\t\t\t\t<div class=\"elementor-widget-container\">\n\t\t\t\t\t\t\t<p><b>Janni, Slangerup 2021<\/b><\/p><p><b>\u00a0<\/b><\/p><p>For et stykke tid siden havde jeg<\/p><div dir=\"auto\">planlagt en tur i skoven med familien. Vi\u00a0<span style=\"background-color: var(--ast-global-color-5); color: var(--ast-global-color-3); font-size: 1rem;\">havde aftalt at m\u00f8des ved indgangen til<\/span><\/div><div dir=\"auto\">Skovfogedboligen. Det er n\u00e6rmest <span style=\"background-color: var(--ast-global-color-5); color: var(--ast-global-color-3); font-size: 1rem;\">umuligt at komme til at parkere efter kl<\/span><\/div><div dir=\"auto\">10 p\u00e5 grund af det store pres p\u00e5 skoven\u00a0<span style=\"background-color: var(--ast-global-color-5); color: var(--ast-global-color-3); font-size: 1rem;\">&#8211; det g\u00e6lder i\u00f8vrigt alle indgange til<\/span><\/div><div dir=\"auto\">Skoven. Langt de fleste biler har oph\u00e6ng <span style=\"background-color: var(--ast-global-color-5); color: var(--ast-global-color-3); font-size: 1rem;\">til cykler p\u00e5. Til vores store forundring<\/span><\/div><div dir=\"auto\">var der tilsyneladende arrangeret MTB\u00a0<span style=\"background-color: var(--ast-global-color-5); color: var(--ast-global-color-3); font-size: 1rem;\">tr\u00e6ning p\u00e5 den store vej. Der var stillet<\/span><\/div><div dir=\"auto\">Kegler op p\u1ea3 vejen, og en del mennesker <span style=\"background-color: var(--ast-global-color-5); color: var(--ast-global-color-3); font-size: 1rem;\">k\u00f8rte \u00e5benbart nogen tr\u00e6ning. For mig<\/span><\/div><div dir=\"auto\">ville det havde v\u00e6ret god stil, hvis man <span style=\"background-color: var(--ast-global-color-5); color: var(--ast-global-color-3); font-size: 1rem;\">var stoppet op eller i det mindste taget<\/span>;<\/div><div dir=\"auto\">Hensyn, da vi skulle forbi. Den form for <span style=\"background-color: var(--ast-global-color-5); color: var(--ast-global-color-3); font-size: 1rem;\">tr\u00e6ning beh\u00f8vede vel ikke vare p\u00e5 en<\/span><\/div><div dir=\"auto\">hovedsti (vej), som andre ogs\u00e5 <span style=\"background-color: var(--ast-global-color-5); color: var(--ast-global-color-3); font-size: 1rem;\">benytter, hvis de g\u00e5r tur med familien eller<\/span><\/div><div dir=\"auto\">hunden i weekenden. Vi skal alle kunne bruge skoven<\/div><div dir=\"auto\">&#8212;&#8212;-.&#8212;&#8212;-.&#8212;&#8212;-.&#8212;&#8212;-.&#8212;&#8212;-.&#8212;&#8212;-.&#8212;&#8212;-.&#8212;&#8212;-.&#8212;&#8212;-.&#8212;&#8212;-.&#8212;&#8212;-.&#8212;&#8212;-.&#8212;&#8212;-.&#8212;&#8212;-.&#8212;&#8212;-.&#8212;&#8212;-<\/div>\t\t\t\t\t\t<\/div>\n\t\t\t\t<\/div>\n\t\t\t\t\t<\/div>\n\t\t<\/div>\n\t\t\t\t\t\t\t<\/div>\n\t\t<\/section>\n\t\t\t\t<section class=\"elementor-section elementor-top-section elementor-element elementor-element-c47c1e9 elementor-section-boxed elementor-section-height-default elementor-section-height-default\" data-id=\"c47c1e9\" data-element_type=\"section\">\n\t\t\t\t\t\t<div class=\"elementor-container elementor-column-gap-default\">\n\t\t\t\t\t<div class=\"elementor-column elementor-col-100 elementor-top-column elementor-element elementor-element-dc9e4c4\" data-id=\"dc9e4c4\" data-element_type=\"column\">\n\t\t\t<div class=\"elementor-widget-wrap elementor-element-populated\">\n\t\t\t\t\t\t\t\t<div class=\"elementor-element elementor-element-bc19db2 elementor-widget elementor-widget-text-editor\" data-id=\"bc19db2\" data-element_type=\"widget\" data-widget_type=\"text-editor.default\">\n\t\t\t\t<div class=\"elementor-widget-container\">\n\t\t\t\t\t\t\t<p><b>Mette, Slangerup 2020<\/b><\/p><p><b>\u00a0<\/b><\/p><p>Opfordret til at skrive om min ulykke i selvst\u00e6ndigt opslag. Dette er fra Lystrup skov i Nordsj\u00e6lland.\u00a0<\/p><div dir=\"auto\">\u00a0<\/div><div dir=\"auto\">MTB for fuld fart ud over skovvej foran min hest. Bliver kastet af med hoved i vejen. Hjelm g\u00e5r i stykker. Indl\u00e6gges obs brud, men heldigvis ikke noget brud i nakken. Massiv hjernrystelse og piskesm\u00e6ld. Nu 12 m\u00e5neder siden. Stadig meget begr\u00e6nset af generne. Det samme skete for anden rytter i sidste uge. Hesten rev sig l\u00f8s og l\u00f8b alene hjem ad bef\u00e6rdet landevej. Heldigvis uden skader p\u00e5 nogen. Naturstyrelsen siger, at hvis hestene bliver forskr\u00e6kket for MTB m\u00e5 vi lade v\u00e6re at ride i skoven. Og kommer cykelrytter til skade, fordi hesten hopper ud i ham, s\u00e5 er det altid rytteren, der vil f\u00e5 ansvaret, fordi hesten skal v\u00e6re under kontrol, og cykler er bl\u00f8de trafikanter.<\/div><div dir=\"auto\">Jeg er ogs\u00e5 blevet sk\u00e6ldt ud et par gange, fordi jeg er for l\u00e6nge om at f\u00e5 hundene og mig selv ind til siden, s\u00e5 de er n\u00f8dt til at s\u00e6tte farten ned. Vel og m\u00e6rke uden for mtb sporet. En anden har f\u00e5et p\u00e5k\u00f8rt sin hund.<\/div><div dir=\"auto\">Mtb sporet blev anlagt for 5 \u00e5r siden, for det ville mindske risikoen for konflikter, sagde naturstyrelsen. Siden er sporet opdateret og udvidet en del og MTB har nu taget voldsomt overh\u00e5nd. Vi andre i skoven er der p\u00e5 cyklernes pr\u00e6misser. Og deres stenspor pynter absolut heller ikke i naturen<\/div><div dir=\"auto\">Hva f&#8230;.. g\u00f8r man for at f\u00e5 mtb begr\u00e6nset<\/div><div dir=\"auto\">&#8212;&#8212;-.&#8212;&#8212;-.&#8212;&#8212;-.&#8212;&#8212;-.&#8212;&#8212;-.&#8212;&#8212;-.&#8212;&#8212;-.&#8212;&#8212;-.&#8212;&#8212;&#8211;.&#8212;&#8212;&#8211;.&#8212;&#8212;-.&#8212;&#8212;-.&#8212;&#8212;-.&#8212;&#8212;-.&#8212;&#8212;-.&#8212;&#8212;-.&#8212;&#8212;-.&#8212;&#8212;-.&#8212;&#8212;-.&#8212;&#8212;-.&#8212;&#8212;-.&#8212;&#8212;-.&#8212;&#8212;-.&#8212;&#8212;-.&#8212;&#8212;-.&#8212;&#8212;-.&#8211;<\/div>\t\t\t\t\t\t<\/div>\n\t\t\t\t<\/div>\n\t\t\t\t\t<\/div>\n\t\t<\/div>\n\t\t\t\t\t\t\t<\/div>\n\t\t<\/section>\n\t\t\t\t<section class=\"elementor-section elementor-top-section elementor-element elementor-element-6f9ede1 elementor-section-boxed elementor-section-height-default elementor-section-height-default\" data-id=\"6f9ede1\" data-element_type=\"section\">\n\t\t\t\t\t\t<div class=\"elementor-container elementor-column-gap-default\">\n\t\t\t\t\t<div class=\"elementor-column elementor-col-50 elementor-top-column elementor-element elementor-element-1e89ffb\" data-id=\"1e89ffb\" data-element_type=\"column\">\n\t\t\t<div class=\"elementor-widget-wrap elementor-element-populated\">\n\t\t\t\t\t\t\t\t<div class=\"elementor-element elementor-element-935f964 elementor-widget elementor-widget-text-editor\" data-id=\"935f964\" data-element_type=\"widget\" data-widget_type=\"text-editor.default\">\n\t\t\t\t<div class=\"elementor-widget-container\">\n\t\t\t\t\t\t\t<p><strong>Marie,<\/strong><b> Nordsj\u00e6lland 2023<\/b><\/p><p><b>\u00a0<\/b><\/p><div dir=\"auto\">Jeg g\u00e5r p\u00e5 svampejagt i lille Hareskov.<\/div><div dir=\"auto\">Ved den sidste str\u00e6kning, de har anlagt, er alle spisesvampe forsvundet. Der var rigtige gode spots med trompetsvampe samt punktstokket indigo. <br \/>&#8212;&#8212;-.&#8212;&#8212;-.&#8212;&#8212;-.&#8212;&#8212;-.&#8212;&#8212;-.&#8212;&#8212;-.&#8212;&#8212;-.&#8212;&#8212;-.&#8212;&#8212;-.&#8212;&#8212;-.&#8212;&#8212;-<\/div><p><b>\u00a0<\/b><\/p>\t\t\t\t\t\t<\/div>\n\t\t\t\t<\/div>\n\t\t\t\t\t<\/div>\n\t\t<\/div>\n\t\t\t\t<div class=\"elementor-column elementor-col-50 elementor-top-column elementor-element elementor-element-5b267b0\" data-id=\"5b267b0\" data-element_type=\"column\">\n\t\t\t<div class=\"elementor-widget-wrap elementor-element-populated\">\n\t\t\t\t\t\t\t\t<div class=\"elementor-element elementor-element-c22fb22 elementor-widget elementor-widget-text-editor\" data-id=\"c22fb22\" data-element_type=\"widget\" data-widget_type=\"text-editor.default\">\n\t\t\t\t<div class=\"elementor-widget-container\">\n\t\t\t\t\t\t\t<p _msttexthash=\"244166\" _msthash=\"566\"><b>Gitte, Skibby 2021<\/b><\/p>\n<p><br><\/p>\n<p _msthidden=\"1\" _msttexthash=\"12811123\" _msthash=\"565\">Det er ogs\u00e5 helt galt ved Skuldelev strand. Ingen regler bliver overholdt, selv diget som er en trampesti og ikke en del af fjordstien, bliver det cyklet p\u00e5<\/p><p _msthidden=\"1\" _msttexthash=\"2788695\" _msthash=\"565\">&#8211;.&#8211;.&#8211;.&#8211;.&#8211;.&#8211;.&#8211;.&#8211;.&#8211;.&#8211;.&#8211;.&#8211;.&#8211;.&#8211;.&#8211;.&#8211;.&#8211;.&#8211;.&#8211;.&#8211;.&#8211;.&#8211;.&#8211;.&#8211;.&#8211;.&#8211;.&#8211;.&#8211;.&#8211;.&#8211;.&#8211;<\/p>\t\t\t\t\t\t<\/div>\n\t\t\t\t<\/div>\n\t\t\t\t\t<\/div>\n\t\t<\/div>\n\t\t\t\t\t\t\t<\/div>\n\t\t<\/section>\n\t\t\t\t<section class=\"elementor-section elementor-top-section elementor-element elementor-element-82ee097 elementor-section-boxed elementor-section-height-default elementor-section-height-default\" data-id=\"82ee097\" data-element_type=\"section\">\n\t\t\t\t\t\t<div class=\"elementor-container elementor-column-gap-default\">\n\t\t\t\t\t<div class=\"elementor-column elementor-col-50 elementor-top-column elementor-element elementor-element-59bd8cd\" data-id=\"59bd8cd\" data-element_type=\"column\">\n\t\t\t<div class=\"elementor-widget-wrap elementor-element-populated\">\n\t\t\t\t\t\t\t\t<div class=\"elementor-element elementor-element-3fe6815 elementor-widget elementor-widget-image\" data-id=\"3fe6815\" data-element_type=\"widget\" data-widget_type=\"image.default\">\n\t\t\t\t<div class=\"elementor-widget-container\">\n\t\t\t\t\t\t\t\t\t\t\t\t\t\t\t<img loading=\"lazy\" decoding=\"async\" width=\"1024\" height=\"683\" src=\"https:\/\/mindremtb.dk\/wp-content\/uploads\/2023\/07\/32-silkeborgskovene-1024x683.jpg\" class=\"attachment-large size-large wp-image-2462\" alt=\"\" srcset=\"https:\/\/mindremtb.dk\/wp-content\/uploads\/2023\/07\/32-silkeborgskovene-1024x683.jpg 1024w, https:\/\/mindremtb.dk\/wp-content\/uploads\/2023\/07\/32-silkeborgskovene-300x200.jpg 300w, https:\/\/mindremtb.dk\/wp-content\/uploads\/2023\/07\/32-silkeborgskovene-768x512.jpg 768w, https:\/\/mindremtb.dk\/wp-content\/uploads\/2023\/07\/32-silkeborgskovene.jpg 1269w\" sizes=\"(max-width: 1024px) 100vw, 1024px\" \/>\t\t\t\t\t\t\t\t\t\t\t\t\t\t\t<\/div>\n\t\t\t\t<\/div>\n\t\t\t\t\t<\/div>\n\t\t<\/div>\n\t\t\t\t<div class=\"elementor-column elementor-col-50 elementor-top-column elementor-element elementor-element-96d2b6b\" data-id=\"96d2b6b\" data-element_type=\"column\">\n\t\t\t<div class=\"elementor-widget-wrap elementor-element-populated\">\n\t\t\t\t\t\t\t\t<div class=\"elementor-element elementor-element-3bf560d elementor-widget elementor-widget-image\" data-id=\"3bf560d\" data-element_type=\"widget\" data-widget_type=\"image.default\">\n\t\t\t\t<div class=\"elementor-widget-container\">\n\t\t\t\t\t\t\t\t\t\t\t\t\t\t\t<img loading=\"lazy\" decoding=\"async\" width=\"1024\" height=\"683\" src=\"https:\/\/mindremtb.dk\/wp-content\/uploads\/2023\/07\/33-silkeborgskovene-1024x683.jpg\" class=\"attachment-large size-large wp-image-2463\" alt=\"\" srcset=\"https:\/\/mindremtb.dk\/wp-content\/uploads\/2023\/07\/33-silkeborgskovene-1024x683.jpg 1024w, https:\/\/mindremtb.dk\/wp-content\/uploads\/2023\/07\/33-silkeborgskovene-300x200.jpg 300w, https:\/\/mindremtb.dk\/wp-content\/uploads\/2023\/07\/33-silkeborgskovene-768x512.jpg 768w, https:\/\/mindremtb.dk\/wp-content\/uploads\/2023\/07\/33-silkeborgskovene.jpg 1269w\" sizes=\"(max-width: 1024px) 100vw, 1024px\" \/>\t\t\t\t\t\t\t\t\t\t\t\t\t\t\t<\/div>\n\t\t\t\t<\/div>\n\t\t\t\t\t<\/div>\n\t\t<\/div>\n\t\t\t\t\t\t\t<\/div>\n\t\t<\/section>\n\t\t\t\t<section class=\"elementor-section elementor-top-section elementor-element elementor-element-bd7d236 elementor-section-boxed elementor-section-height-default elementor-section-height-default\" data-id=\"bd7d236\" data-element_type=\"section\">\n\t\t\t\t\t\t<div class=\"elementor-container elementor-column-gap-default\">\n\t\t\t\t\t<div class=\"elementor-column elementor-col-100 elementor-top-column elementor-element elementor-element-f2901dc\" data-id=\"f2901dc\" data-element_type=\"column\">\n\t\t\t<div class=\"elementor-widget-wrap elementor-element-populated\">\n\t\t\t\t\t\t\t\t<div class=\"elementor-element elementor-element-5bc062f elementor-widget elementor-widget-text-editor\" data-id=\"5bc062f\" data-element_type=\"widget\" data-widget_type=\"text-editor.default\">\n\t\t\t\t<div class=\"elementor-widget-container\">\n\t\t\t\t\t\t\t<p><b>Simon, Silkeborg 2023<\/b><\/p><p><b>\u00a0<\/b><\/p><p>Nordskoven er en del af Silkeborg skovene og indbegrebet af S\u00f8h\u00f8jlandet med sit kuperede landskab, bakker og dale. Omr\u00e5det blev i 2009 valgt som den del af skovene, hvor der skulle anl\u00e6gges ET mountainbike spor. \u00c5rene forinden var det spirende MTB-folk begyndt at erodere bakkerne, is\u00e6r Loviseh\u00f8j og Ulvehoved, hvor ogs\u00e5 den gule vandrer rute s\u00e5 sm\u00e5t blev en racerbane.<\/p><p>I 2009 blev vores dav\u00e6rende skovrider p\u00e5lagt fra h\u00f8jeste sted at finde et sted, hvor bikerne kunne boltre sig. Han fandt Nordskoven som bedste mulighed. Derefter blev en delegation som bestod af en biolog fra Naturstyrelsen, samt 3-4 personer der repr\u00e6senterer sportens verden, sendt ud for at afstikke sporet. Et spor der ikke bare bestod af et spor, men et netv\u00e6rk af spor, med bl\u00e5, r\u00f8de og sorte spor, som blev anlagt steder hvor r\u00e6ve, gr\u00e6vlinge, sp\u00e6tter og musv\u00e5ger havde deres ynglesteder. S\u00e5dan g\u00e5r det, n\u00e5r mennesker uden interesse for natur, f\u00e5r bef\u00f8jelser som strider mod al sund fornuft. S\u00e5 kom dagen hvor sporene skulle indvies, hvilket de blev med tale fra vores dav\u00e6rende skovrider, som jo var blevet p\u00e5lagt opgaven fra h\u00f8jeste sted. Jeg husker min bror spurgte en fra NST, -jamen hvad s\u00e5 med vildtet. Svaret var: Det er der taget h\u00e5nd om, med vildtlommer. Vi spurgte hvordan ved vildtet det, han blev bare snydeforn\u00e6rmet og vendte os ryggen.<\/p><p>De f\u00f8rste efterf\u00f8lgende \u00e5r gik med k\u00f8rsel p\u00e5 sporene og alle andre steder. Blandt andet hos os lodsejere som bor op til Nordskoven. Dette klagede vi over. R\u00e5dyrene var stressede, hvilket vores Skovrider ogs\u00e5 omtalte i en artikel i MJA. Jeg fik med flere \u00e5rs m\u00f8je, besv\u00e6r og med l\u00f8gnagtige beskyldninger fra MTB-folket lukket det r\u00f8de spor, der var hoved\u00e5rsagen til MTB tumulten i vores baghaver.<\/p><p>Men s\u00e5 sker det jo det, at bliver et spor lukket, s\u00e5 skal der kompenseres med nye spor, hvilket der blev. De f\u00f8rst anlagte spor blev slidte, hvilket medf\u00f8rte mudder, som if\u00f8lge MTB-folket ikke er egnet til h\u00f8j fart. Derfor begyndte man at renovere spor med stabilgrus, som blev\/bliver k\u00f8rt ud med maskiner, f\u00f8rt at s\u00e5kaldte professionelle sporbyggere. S\u00e5 nu er det med stejlkurver osv. s\u00e5 man kan holde det h\u00f8je tempo gennem omr\u00e5der, hvor der f\u00f8rhen var ynglende vildt.<\/p><p>Oven i dette sneg der sig lige et stort s\u00e5kaldt \u00f8velses omr\u00e5de ind beliggende neden for Korsdalshus.<\/p><p>Nu er det jo ikke bare Nordskoven, men ogs\u00e5 Vesterskoven og S\u00f8nderskoven, der er stillet til r\u00e5dighed for MTB-folket. Som en repr\u00e6sentant fra NST siger, -vi skal have styr p\u00e5 hvor de cykler, og det g\u00f8r man s\u00e5 ved at give dem spor overalt.<\/p><p>N\u00e5r nu Silkeborgskovene er s\u00e5 attraktive for MTB-folket, s\u00e5 er det jo naturligt, at f.eks. at Visit Aarhus p\u00e5 et tidspunkt ville \u00e5bne for et samarbejde med Visit Silkeborg, S\u00e5 man i Aarhus kunne reklamere for MTB-k\u00f8rsel i Silkeborgskovene, fordi de egner godt til dette form\u00e5l. Igen kommer menneskets opfattelse af, at naturen er til for mennesket frem. Dette var blot et eksempel ud af mange.<\/p><p>N\u00e5r jeg opponerer mod denne tilgang til naturen, er det fordi jeg siden mine barne\u00e5r har opholdt mig meget i skovene, is\u00e6r Nordskoven, og fulgt dyrelivet, med stille respekt, nydt stilheden med hund i snor og mit kamera i rygs\u00e6kken, derfor kan jeg se hvor meget tilgangen af is\u00e6r MTB-sporten har \u00f8delagt naturen i vores omr\u00e5de.<\/p><p>Jeg vedh\u00e6fter et kort over Nordskoven, som viser MTB sporene, som er udlagt til MTB. Kortet viser imidlertid ikke de andre steder, hvor de ogs\u00e5 k\u00f8rer og har k\u00f8rt (uautoriserede spor), hedder det vist!<\/p><p>&#8212;&#8212;-.&#8212;&#8212;-.&#8212;&#8212;-.&#8212;&#8212;-.&#8212;&#8212;-.&#8212;&#8212;-.&#8212;&#8212;-.&#8212;&#8212;-.&#8212;&#8212;-.&#8212;&#8212;-.&#8212;&#8212;-.&#8212;&#8212;&#8211;.&#8212;&#8212;-.&#8212;&#8212;-.&#8212;&#8212;-.&#8212;&#8212;-.&#8212;&#8212;-.&#8212;&#8212;&#8211;.&#8212;&#8212;&#8211;.&#8212;&#8212;&#8211;.&#8212;&#8212;-.&#8212;&#8212;-.&#8212;&#8212;-.&#8212;&#8212;-.&#8212;&#8212;-.<\/p>\t\t\t\t\t\t<\/div>\n\t\t\t\t<\/div>\n\t\t\t\t\t<\/div>\n\t\t<\/div>\n\t\t\t\t\t\t\t<\/div>\n\t\t<\/section>\n\t\t\t\t<section class=\"elementor-section elementor-top-section elementor-element elementor-element-fb06f95 elementor-section-boxed elementor-section-height-default elementor-section-height-default\" data-id=\"fb06f95\" data-element_type=\"section\">\n\t\t\t\t\t\t<div class=\"elementor-container elementor-column-gap-default\">\n\t\t\t\t\t<div class=\"elementor-column elementor-col-50 elementor-top-column elementor-element elementor-element-b22f893\" data-id=\"b22f893\" data-element_type=\"column\">\n\t\t\t<div class=\"elementor-widget-wrap elementor-element-populated\">\n\t\t\t\t\t\t\t\t<div class=\"elementor-element elementor-element-8787612 elementor-widget elementor-widget-text-editor\" data-id=\"8787612\" data-element_type=\"widget\" data-widget_type=\"text-editor.default\">\n\t\t\t\t<div class=\"elementor-widget-container\">\n\t\t\t\t\t\t\t<p><b>Helle, Hiller\u00f8d 2021<\/b><\/p><p>\u00a0<\/p><p>Mtb&#8217;erne bruger nogle gange ufine metoder for at f\u00e5 folk til at tie med deres utilfredshed. Jeg er blevet truet med en injuriesag, hvis jeg ikke trak mine udtalelser tilbage. Jeg havde ytret mig offentligt om, at jeg oplevede vildt blev presset ud af skovene, og at jeg nu s\u00e5 mindre vildt i skoven. Jeg blev ringet op af en fra lokal Mtb-klub og fik at vide, at det ikke var korrekt, og at jeg ville blive meldt for injurier, hvis ikke jeg ikke gik ud offentligt, og sagde, at jeg havde taget fejl og ytret mig mod bedre vidende.<\/p><p>__.__.__.__.__.__.__.__.__.__.__.__.__.__.__.__.__.__.__.__.__.__.__.__<\/p>\t\t\t\t\t\t<\/div>\n\t\t\t\t<\/div>\n\t\t\t\t\t<\/div>\n\t\t<\/div>\n\t\t\t\t<div class=\"elementor-column elementor-col-50 elementor-top-column elementor-element elementor-element-7b482a8\" data-id=\"7b482a8\" data-element_type=\"column\">\n\t\t\t<div class=\"elementor-widget-wrap elementor-element-populated\">\n\t\t\t\t\t\t\t\t<div class=\"elementor-element elementor-element-62ae6f7 elementor-widget elementor-widget-text-editor\" data-id=\"62ae6f7\" data-element_type=\"widget\" data-widget_type=\"text-editor.default\">\n\t\t\t\t<div class=\"elementor-widget-container\">\n\t\t\t\t\t\t\t<p><b>Mille, Fyn 2023<\/b><\/p><p><span style=\"font-style: inherit; font-weight: inherit; background-color: var(--ast-global-color-5); color: var(--ast-global-color-3);\"><br><\/span><\/p><p><span style=\"font-style: inherit; font-weight: inherit; background-color: var(--ast-global-color-5); color: var(--ast-global-color-3);\">Det er ikke alle, der opf\u00f8rer sig s\u00e5 skidt, s\u00e5 tak til dem, der kan finde ud af at passe p\u00e5 os andre.<\/span><\/p>\n<p>Men&#8230;.<\/p>\n<p>P\u00e5 Eneb\u00e6rodde Fyn, oplever vi, at MTB k\u00f8rer t\u00e6t p\u00e5 g\u00e5ende, og man forskr\u00e6kkes voldsomt, n\u00e5r de dr\u00f8ner forbi \u00e9n. Der er jo ofte ikke ringeklokke p\u00e5. Man forventer ikke det tempo i naturen.<\/p>\n<p>I N\u00e6stved er der MTB p\u00e5 stier som er tilegnet heste eller g\u00e5ende. Og de ignorerer n\u00e5r man minder dem om at respektere reglerne.<\/p>\n<p>Jeg har ogs\u00e5 oplevet farlig situation, hvor 3 mtb-ryttere kom imod skridtende heste. De tog ikke farten af og hestene blev forskr\u00e6kket og en farlig situation opstod.<\/p>\n<p>De skulle holde deres tid og de s\u00e5 blot p\u00e5 deres ur og k\u00f8rte videre, imens hestene l\u00f8b ind mellem tr\u00e6erne. Heldigvis blev rytterne siddende, men det kunne v\u00e6re g\u00e5et helt galt.<\/p>\n<p>__.__.__.__.__.__.__.__.__.__.__.__.__.__.__.__.__.__.__.__.__.__.__.<\/p>\t\t\t\t\t\t<\/div>\n\t\t\t\t<\/div>\n\t\t\t\t\t<\/div>\n\t\t<\/div>\n\t\t\t\t\t\t\t<\/div>\n\t\t<\/section>\n\t\t\t\t<section class=\"elementor-section elementor-top-section elementor-element elementor-element-616b6af elementor-section-boxed elementor-section-height-default elementor-section-height-default\" data-id=\"616b6af\" data-element_type=\"section\">\n\t\t\t\t\t\t<div class=\"elementor-container elementor-column-gap-default\">\n\t\t\t\t\t<div class=\"elementor-column elementor-col-50 elementor-top-column elementor-element elementor-element-225d23a\" data-id=\"225d23a\" data-element_type=\"column\">\n\t\t\t<div class=\"elementor-widget-wrap elementor-element-populated\">\n\t\t\t\t\t\t\t\t<div class=\"elementor-element elementor-element-3db2e6c elementor-widget elementor-widget-text-editor\" data-id=\"3db2e6c\" data-element_type=\"widget\" data-widget_type=\"text-editor.default\">\n\t\t\t\t<div class=\"elementor-widget-container\">\n\t\t\t\t\t\t\t<p><strong>Lotte, Lystrup 2020<\/strong><\/p><p><strong><br><\/strong><\/p>\n<p>Jeg har ikke haft forn\u00f8jelsen af Lystrup skov, da jeg for nyligt er flyttet til omr\u00e5det med min hest. Men jeg vil gerne dele min f\u00f8rste tur i skoven p\u00e5 hesteryg, som var noget utryg.<\/p>\n<p>Jeg var p\u00e5 tur med 4 andre fra min stald. Jeg var blevet gjort opm\u00e6rksom p\u00e5, at der var en masse MTB-stier og at man skulle v\u00e6re noget opm\u00e6rksom. Fair nok, der skal jo v\u00e6re plads til alle. Men flere gange kom h\u00f8jtr\u00e5bende MTB-ryttere i meget h\u00f8j fart, t\u00e6t forbi os, der red p\u00e5 de store grusveje. Men jeg blev f\u00f8rst rigtig gal, da n flok MTB-ryttere var p\u00e5 vej ned af en skr\u00e5ning i fuld fart, og havde retning lige ud bag min hest, og foran hesten bag mig. ingen af dem kiggede op, og s\u00e5 f\u00f8rst hestene, da jeg r\u00e5bte h\u00f8jt, at de skulle v\u00e6re opm\u00e6rksomme p\u00e5, at der alts\u00e5 var heste p\u00e5 den store sti. De n\u00e5ede at bremse op f\u00e5 meter foran os<\/p>\n<p>_._._._._._._._._._._._. _._._._._._._._._._._._._._._._._._._._._._._._._._._<\/p>\n<p><strong>&nbsp;<\/strong><\/p>\n<p><\/p>\t\t\t\t\t\t<\/div>\n\t\t\t\t<\/div>\n\t\t\t\t\t<\/div>\n\t\t<\/div>\n\t\t\t\t<div class=\"elementor-column elementor-col-50 elementor-top-column elementor-element elementor-element-e830b01\" data-id=\"e830b01\" data-element_type=\"column\">\n\t\t\t<div class=\"elementor-widget-wrap elementor-element-populated\">\n\t\t\t\t\t\t\t\t<div class=\"elementor-element elementor-element-6395ab0 elementor-widget elementor-widget-text-editor\" data-id=\"6395ab0\" data-element_type=\"widget\" data-widget_type=\"text-editor.default\">\n\t\t\t\t<div class=\"elementor-widget-container\">\n\t\t\t\t\t\t\t<p><strong><span style=\"font-size: 16px; font-style: normal;\">S\u00f8ren, K\u00f8benhavn 2021<\/span><\/strong><\/p><p>\u00a0<\/p><p>Der er en del ting jeg stejler over her. Det er tydeligt, hvorfor Naturstyrelsen oftere og oftere bliver kaldt Naturforstyrelsen. De varetager i hvert fald ikke naturens interesser. For det f\u00f8rste p\u00e5st\u00e5r Kim S\u00f8derlund, at sporene er til gl\u00e6de for skoven og dens dyr. Den lader vi lige st\u00e5 et \u00f8jeblik. Som biolog vil jeg sammenligne det med at p\u00e5st\u00e5, at bygge motorveje i byerne er til gl\u00e6de for b\u00f8rnene. Nej vel? Det kalder man goddagmand\u00f8kseskaft hvor jeg kommer fra. Hvis han vil underbygge den p\u00e5stand, s\u00e5 m\u00e5 han komme med data.<\/p><p>Og hvordan er det lige, at baner der kun er til gl\u00e6de for et meget lille udsnit af befolkningen, er til gl\u00e6de for andre skovg\u00e6ster? Hvis S\u00f8derlund lavede en rundsp\u00f8rge blandt om det er rimeligt og gl\u00e6deligt, at der skal v\u00e6re flere hundrede kilometer MTB baner i de danske skove, S\u00e5 tror jeg han vil f\u00e5 det svar, at de f\u00e6rreste vil have dem. Samtlige jeg kender, f\u00f8ler sig utrygge ved dem. De larmer og skr\u00e6mmer dyrene v\u00e6k og det er direkte farligt for andre, n\u00e5r de kommer dr\u00f8nende med deres arrogante holdning om, at det er alle andre der skal flytte sig og tage hensyn til dem. MTB baner h\u00f8rer ikke til i naturen. Det er der ikke noget\u00a0 argument for. I s\u00e5 fald vil jeg have lov at skyde med bue og pil for sjov i skoven.\u00a0<\/p><p>Byg i stedet de baner hvor de ikke er til gene for andre. D kan alligevel ikke se naturen fordi de k\u00f8rer s\u00e5 st\u00e6rk. Hvis de vil have tr\u00e6er langs de byggede spor, kan de bare plante nogen. Se det vil v\u00e6re til gl\u00e6de for planter, dyr og natur, samt alle os andre fredeligere g\u00e6ster i skoven<\/p><p>__.__.__.__.__.__.__.__.__.__.__.__.__.__.__.__.__.__.__.__.__.__.__<\/p>\t\t\t\t\t\t<\/div>\n\t\t\t\t<\/div>\n\t\t\t\t\t<\/div>\n\t\t<\/div>\n\t\t\t\t\t\t\t<\/div>\n\t\t<\/section>\n\t\t\t\t<section class=\"elementor-section elementor-top-section elementor-element elementor-element-70cd3c0 elementor-section-boxed elementor-section-height-default elementor-section-height-default\" data-id=\"70cd3c0\" data-element_type=\"section\">\n\t\t\t\t\t\t<div class=\"elementor-container elementor-column-gap-default\">\n\t\t\t\t\t<div class=\"elementor-column elementor-col-33 elementor-top-column elementor-element elementor-element-0c1d496\" data-id=\"0c1d496\" data-element_type=\"column\">\n\t\t\t<div class=\"elementor-widget-wrap elementor-element-populated\">\n\t\t\t\t\t\t\t\t<div class=\"elementor-element elementor-element-c90e9d0 elementor-widget elementor-widget-text-editor\" data-id=\"c90e9d0\" data-element_type=\"widget\" data-widget_type=\"text-editor.default\">\n\t\t\t\t<div class=\"elementor-widget-container\">\n\t\t\t\t\t\t\t<p><strong>Henrik,<\/strong> <b>K\u00f8benhavn 2021<\/b><\/p><p>\u00a0<\/p><p>Hey. Her m\u00e5 jeg have lov at sige, at efter 25 \u00e5r i skoven b\u00e5de som l\u00f8ber og vandre, er det mit indtryk at 99 % af MTb ikke tager hensyn og kun 1 % fors\u00f8ger at advare. Jeg har selv oplevet en del kritiske situationer. Selvom jeg har deltaget og er uddannet instrukt\u00f8r indenfor DGI, har det v\u00e6ret sv\u00e6rt at at forudse MTB adf\u00e6rd<\/p><p>__.__.__.__.__.__.__.__.__.__.__.__.__.__.__<\/p>\t\t\t\t\t\t<\/div>\n\t\t\t\t<\/div>\n\t\t\t\t\t<\/div>\n\t\t<\/div>\n\t\t\t\t<div class=\"elementor-column elementor-col-33 elementor-top-column elementor-element elementor-element-5929137\" data-id=\"5929137\" data-element_type=\"column\">\n\t\t\t<div class=\"elementor-widget-wrap elementor-element-populated\">\n\t\t\t\t\t\t\t\t<div class=\"elementor-element elementor-element-ced80fd elementor-widget elementor-widget-text-editor\" data-id=\"ced80fd\" data-element_type=\"widget\" data-widget_type=\"text-editor.default\">\n\t\t\t\t<div class=\"elementor-widget-container\">\n\t\t\t\t\t\t\t<p><strong>Hanne, Lystrup skov 2020<\/strong><\/p><p>\u00a0<\/p><p>Mange ryttere der plejer at nyde skoven, og har gjort det i mange \u00e5r, har v\u00e6ret tvunget til at tr\u00e6kke sig<\/p><p>__.__.__.__.__.__.__.__.__.__.__.__.__.__.__<\/p>\t\t\t\t\t\t<\/div>\n\t\t\t\t<\/div>\n\t\t\t\t\t<\/div>\n\t\t<\/div>\n\t\t\t\t<div class=\"elementor-column elementor-col-33 elementor-top-column elementor-element elementor-element-4e0a3f7\" data-id=\"4e0a3f7\" data-element_type=\"column\">\n\t\t\t<div class=\"elementor-widget-wrap elementor-element-populated\">\n\t\t\t\t\t\t\t\t<div class=\"elementor-element elementor-element-554815f elementor-widget elementor-widget-text-editor\" data-id=\"554815f\" data-element_type=\"widget\" data-widget_type=\"text-editor.default\">\n\t\t\t\t<div class=\"elementor-widget-container\">\n\t\t\t\t\t\t\t<p><strong>Anne, Lystrup skov 2021<\/strong><\/p><p>\u00a0<\/p><p>Ja, der er aldrig fred. Selv efter m\u00f8rkets frembrud, k\u00f8rer de rundt derover med voldsom kraftige og bl\u00e6ndende pandelamper. Ikke underligt at ogs\u00e5 dyrene gemmer sig<\/p><p>__.__.__.__.__.__.__.__.__.__.__.__.__.__.__.__<\/p>\t\t\t\t\t\t<\/div>\n\t\t\t\t<\/div>\n\t\t\t\t\t<\/div>\n\t\t<\/div>\n\t\t\t\t\t\t\t<\/div>\n\t\t<\/section>\n\t\t\t\t<section class=\"elementor-section elementor-top-section elementor-element elementor-element-1401580 elementor-section-boxed elementor-section-height-default elementor-section-height-default\" data-id=\"1401580\" data-element_type=\"section\">\n\t\t\t\t\t\t<div class=\"elementor-container elementor-column-gap-default\">\n\t\t\t\t\t<div class=\"elementor-column elementor-col-100 elementor-top-column elementor-element elementor-element-3d3c220\" data-id=\"3d3c220\" data-element_type=\"column\">\n\t\t\t<div class=\"elementor-widget-wrap elementor-element-populated\">\n\t\t\t\t\t\t\t\t<div class=\"elementor-element elementor-element-5e69038 elementor-widget elementor-widget-text-editor\" data-id=\"5e69038\" data-element_type=\"widget\" data-widget_type=\"text-editor.default\">\n\t\t\t\t<div class=\"elementor-widget-container\">\n\t\t\t\t\t\t\t<p><strong>Susanne, Farum 20220<\/strong><\/p><p>\u00a0<\/p><p>Hej. Det v\u00e6rste ved det hele er faktisk, at ingen overhovedet t\u00e6nker eller taler om skoven oprindelige beboere. MTB&#8217;erne opf\u00f8rer sig som Columbus da han fandt Sydamerika. Og n\u00e5r man ikke kan f\u00e6rdes i naturen uden den skal misbruges, s\u00e5 er man g\u00e5et for vidt i sine bestr\u00e6belser p\u00e5 at tilfredsstille sin isme. Skovens dyr betaler en h\u00f8j pris i forvejen, n\u00e5r vi mennesker f\u00e6rdes derude. Men dette er det glade vanvid.<\/p><p>Jeg er holdt op med at lufte hunden i Hareskoven fordi man bliver bedt om at skrubbe af og f\u00e5r fingeren i mangel p\u00e5 hjerne. Disse mennesker burde aldrig\u00a0 v\u00e6re sluppet l\u00f8s i skoven. Det skoven og dens beboere er udsat for, er ren vandalisme og chikane. Bare forestil dig, hvad der sker i et dyrs hjerne, n\u00e5r der ved 22-23 tiden kommer 4-5 r\u00e5bende og glade MTB&#8217;ere dr\u00f8nende med alt det lys det kr\u00e6ver. Det er sgu det glade vanvid og total mangel p\u00e5 respekt for naturen<\/p><p>__.__.__.__.__.__.__.__.__.__.__.__.__.__.__.__.__.__.__.__.__.__.__.__.__.__.__.__.__.__.__.__.__.__.__.__.__.__.__.__.__.__.__.__.__.__.__.__.__<\/p>\t\t\t\t\t\t<\/div>\n\t\t\t\t<\/div>\n\t\t\t\t\t<\/div>\n\t\t<\/div>\n\t\t\t\t\t\t\t<\/div>\n\t\t<\/section>\n\t\t\t\t<section class=\"elementor-section elementor-top-section elementor-element elementor-element-7b980ed elementor-section-boxed elementor-section-height-default elementor-section-height-default\" data-id=\"7b980ed\" data-element_type=\"section\">\n\t\t\t\t\t\t<div class=\"elementor-container elementor-column-gap-default\">\n\t\t\t\t\t<div class=\"elementor-column elementor-col-50 elementor-top-column elementor-element elementor-element-42395f2\" data-id=\"42395f2\" data-element_type=\"column\">\n\t\t\t<div class=\"elementor-widget-wrap elementor-element-populated\">\n\t\t\t\t\t\t\t\t<div class=\"elementor-element elementor-element-c200fb9 elementor-widget elementor-widget-text-editor\" data-id=\"c200fb9\" data-element_type=\"widget\" data-widget_type=\"text-editor.default\">\n\t\t\t\t<div class=\"elementor-widget-container\">\n\t\t\t\t\t\t\t<p><strong>Lisbeth, Lystrup skov 2020<\/strong><\/p><p><span style=\"background-color: var(--ast-global-color-5); color: var(--ast-global-color-3); font-style: inherit; font-weight: inherit;\">\u00a0<\/span><\/p><p><span style=\"background-color: var(--ast-global-color-5); color: var(--ast-global-color-3); font-style: inherit; font-weight: inherit;\">S\u00e5 fik jeg da lige en cykel i hovedet i onsdags. Jeg kom stille og roligt ridende p\u00e5 den store vej ved p-pladsen over for Kronhjorten. Det var en mand fra Bagsv\u00e6rd. Han v\u00e6ltede og jeg klarede det uden knubs. Han kom k\u00f8rende ned af en stejl skr\u00e6nt i fuld fart. Det regnede meget den dag og var meget smattet.<\/span><\/p><p>Fredag var den s\u00e5 gal igen. Der var f\u00f8rst 2 cykler der kom side om side i meget h\u00f8j fart. De ser os, men tager ikke farten af. S\u00e5 runder de et hj\u00f8ne, hvor en dame kommer tr\u00e6kkende med sin lille datter p\u00e5 en hest. De var n\u00e6r blevet nedlagt, men cyklerne n\u00e5ede lige at komme helt ud i rabatten.<\/p><p>Det er trist skoven efterh\u00e5nden er blevet en stor cirkusplads og at man er n\u00f8dt til at springe for livet, n\u00e5r man bare g\u00e5r fredeligt rundt<\/p><p>__.__.__.__.__.__.__.__.__.__.__.__.__.__.__.__.__.__.__.__.__.__.__.__<\/p>\t\t\t\t\t\t<\/div>\n\t\t\t\t<\/div>\n\t\t\t\t\t<\/div>\n\t\t<\/div>\n\t\t\t\t<div class=\"elementor-column elementor-col-50 elementor-top-column elementor-element elementor-element-68aacca\" data-id=\"68aacca\" data-element_type=\"column\">\n\t\t\t<div class=\"elementor-widget-wrap elementor-element-populated\">\n\t\t\t\t\t\t\t\t<div class=\"elementor-element elementor-element-6da3054 elementor-widget elementor-widget-text-editor\" data-id=\"6da3054\" data-element_type=\"widget\" data-widget_type=\"text-editor.default\">\n\t\t\t\t<div class=\"elementor-widget-container\">\n\t\t\t\t\t\t\t<p><strong>Lars, Jylland 2022<\/strong><\/p><p>\u00a0<\/p><p>Ja, vi skal jo netop v\u00e6re der alle sammen, men det kan vi ikke, n\u00e5r MTB&#8217;rytternes antal, fart og spor vokser og vokser. Og narturstyrrelsen magter ikke\/gider ikke at regulere trafikke ift hvor der m\u00e5 k\u00f8res og om f\u00e6rdselsloven overholdes -herunder vigeplingt og cykelklokker.\u00a0<\/p><p>Ja det er sundt at cykle, men det er sandelig ogs\u00e5 sundt at g\u00e5 en tur med familie, venne, hunden, b\u00f8rneb\u00f8rn&#8230;.. og r\u00e6s med cykler skal ikke foreg\u00e5 i vores alle sammens skove. Der skal ogs\u00e5 v\u00e6re steder, hvor dem der \u00f8nsker at finde ro og fred, har mulighed for at v\u00e6re<\/p><p>__.__.__.__.__.__.__.__.__.__.__.__.__.__.__.__.__.__.__.__.__.__.__.__<\/p>\t\t\t\t\t\t<\/div>\n\t\t\t\t<\/div>\n\t\t\t\t\t<\/div>\n\t\t<\/div>\n\t\t\t\t\t\t\t<\/div>\n\t\t<\/section>\n\t\t\t\t<section class=\"elementor-section elementor-top-section elementor-element elementor-element-ed5a417 elementor-section-boxed elementor-section-height-default elementor-section-height-default\" data-id=\"ed5a417\" data-element_type=\"section\">\n\t\t\t\t\t\t<div class=\"elementor-container elementor-column-gap-default\">\n\t\t\t\t\t<div class=\"elementor-column elementor-col-33 elementor-top-column elementor-element elementor-element-8e251e1\" data-id=\"8e251e1\" data-element_type=\"column\">\n\t\t\t<div class=\"elementor-widget-wrap elementor-element-populated\">\n\t\t\t\t\t\t\t\t<div class=\"elementor-element elementor-element-9ad2ea1 elementor-widget elementor-widget-text-editor\" data-id=\"9ad2ea1\" data-element_type=\"widget\" data-widget_type=\"text-editor.default\">\n\t\t\t\t<div class=\"elementor-widget-container\">\n\t\t\t\t\t\t\t<p><strong>Arne, Fyn 2022<\/strong><\/p><p>\u00a0<\/p><p>Jeg vil s\u00e5dan \u00f8nske, at flere cykelryttere tog hensyn. Selv n\u00e5r man kommer g\u00e5ende i skoven, er der farlige situationer pga for h\u00f8j fart og manglende hensyntagen.<\/p><p>__.__.__.__.__.__.__.__.__.__.__.__.__.__.__.__<\/p>\t\t\t\t\t\t<\/div>\n\t\t\t\t<\/div>\n\t\t\t\t\t<\/div>\n\t\t<\/div>\n\t\t\t\t<div class=\"elementor-column elementor-col-33 elementor-top-column elementor-element elementor-element-86ef61d\" data-id=\"86ef61d\" data-element_type=\"column\">\n\t\t\t<div class=\"elementor-widget-wrap elementor-element-populated\">\n\t\t\t\t\t\t\t\t<div class=\"elementor-element elementor-element-5f632fe elementor-widget elementor-widget-text-editor\" data-id=\"5f632fe\" data-element_type=\"widget\" data-widget_type=\"text-editor.default\">\n\t\t\t\t<div class=\"elementor-widget-container\">\n\t\t\t\t\t\t\t<p><strong>Anne, Helsinge 2021<\/strong><\/p><p>\u00a0<\/p><p>Ingen tvivl om det er sundt at cykle. S\u00e5 derfor b\u00f8r flere cykle til arbejde.<\/p><p>Det er usundt for skovens natur med de mange anl\u00e6g og f\u00e6rdsel med lygter. Og det er ogs\u00e5 usundt at andre stille skovg\u00e6ster ikke kan nyde skoven og stresse lidt af<\/p><p>__.__.__.__.__.__.__.__.__.__.__.__.__.__.__<\/p>\t\t\t\t\t\t<\/div>\n\t\t\t\t<\/div>\n\t\t\t\t\t<\/div>\n\t\t<\/div>\n\t\t\t\t<div class=\"elementor-column elementor-col-33 elementor-top-column elementor-element elementor-element-8356e60\" data-id=\"8356e60\" data-element_type=\"column\">\n\t\t\t<div class=\"elementor-widget-wrap elementor-element-populated\">\n\t\t\t\t\t\t\t\t<div class=\"elementor-element elementor-element-e7ab8c7 elementor-widget elementor-widget-text-editor\" data-id=\"e7ab8c7\" data-element_type=\"widget\" data-widget_type=\"text-editor.default\">\n\t\t\t\t<div class=\"elementor-widget-container\">\n\t\t\t\t\t\t\t<p><strong>Pernille, Lystrup 2022<\/strong><\/p><p>\u00a0<\/p><p>Jeg var i skoven i sidste uge med min lille hund. Hun var n\u00e6r blevet nedlagt af to MTB&#8217;erer. Og p\u00e5 Slangerup overdrev kommer de med s\u00e5 h\u00f8j fart, at det kan v\u00e6re farligt at tr\u00e6kke heste fra fold over vejen.<\/p><p>__.__.__.__.__.__.__.__.__.__.__.__.__.__.__.__<\/p>\t\t\t\t\t\t<\/div>\n\t\t\t\t<\/div>\n\t\t\t\t\t<\/div>\n\t\t<\/div>\n\t\t\t\t\t\t\t<\/div>\n\t\t<\/section>\n\t\t\t\t<section class=\"elementor-section elementor-top-section elementor-element elementor-element-10558b2 elementor-section-boxed elementor-section-height-default elementor-section-height-default\" data-id=\"10558b2\" data-element_type=\"section\">\n\t\t\t\t\t\t<div class=\"elementor-container elementor-column-gap-default\">\n\t\t\t\t\t<div class=\"elementor-column elementor-col-33 elementor-top-column elementor-element elementor-element-21761b7\" data-id=\"21761b7\" data-element_type=\"column\">\n\t\t\t<div class=\"elementor-widget-wrap elementor-element-populated\">\n\t\t\t\t\t\t\t\t<div class=\"elementor-element elementor-element-126404f elementor-widget elementor-widget-image\" data-id=\"126404f\" data-element_type=\"widget\" data-widget_type=\"image.default\">\n\t\t\t\t<div class=\"elementor-widget-container\">\n\t\t\t\t\t\t\t\t\t\t\t\t\t\t\t<img loading=\"lazy\" decoding=\"async\" width=\"1024\" height=\"682\" src=\"https:\/\/mindremtb.dk\/wp-content\/uploads\/2023\/04\/pexels-lars-mai-3967817-1024x682.jpg\" class=\"attachment-large size-large wp-image-2072\" alt=\"\" srcset=\"https:\/\/mindremtb.dk\/wp-content\/uploads\/2023\/04\/pexels-lars-mai-3967817-1024x682.jpg 1024w, https:\/\/mindremtb.dk\/wp-content\/uploads\/2023\/04\/pexels-lars-mai-3967817-300x200.jpg 300w, https:\/\/mindremtb.dk\/wp-content\/uploads\/2023\/04\/pexels-lars-mai-3967817-768x512.jpg 768w, https:\/\/mindremtb.dk\/wp-content\/uploads\/2023\/04\/pexels-lars-mai-3967817.jpg 1280w\" sizes=\"(max-width: 1024px) 100vw, 1024px\" \/>\t\t\t\t\t\t\t\t\t\t\t\t\t\t\t<\/div>\n\t\t\t\t<\/div>\n\t\t\t\t\t<\/div>\n\t\t<\/div>\n\t\t\t\t<div class=\"elementor-column elementor-col-66 elementor-top-column elementor-element elementor-element-f420520\" data-id=\"f420520\" data-element_type=\"column\">\n\t\t\t<div class=\"elementor-widget-wrap elementor-element-populated\">\n\t\t\t\t\t\t\t\t<div class=\"elementor-element elementor-element-5c1a78f elementor-widget elementor-widget-text-editor\" data-id=\"5c1a78f\" data-element_type=\"widget\" data-widget_type=\"text-editor.default\">\n\t\t\t\t<div class=\"elementor-widget-container\">\n\t\t\t\t\t\t\t<p><strong>Jan, \u00c5rhus 2023<\/strong><\/p><p><span style=\"font-style: inherit; font-weight: inherit; background-color: var(--ast-global-color-5); color: var(--ast-global-color-3);\"><br><\/span><\/p><p><span style=\"font-style: inherit; font-weight: inherit; background-color: var(--ast-global-color-5); color: var(--ast-global-color-3);\">MTB er den st\u00f8rste milj\u00f8\u00f8del\u00e6ggende faktor i vores natur\/skove i dag. Og i l\u00f8bet af 15 \u00e5r er der, uden en eneste panderynken for Naturstyrelsen og kommunernes side, oprettet 1000 km MTB anl\u00e6g (ikke sm\u00e5 hyggelige stier, men enorme anl\u00e6g) i hele landet og i n\u00e6sten samtlige skove. Denne uhyrlighed er g\u00e5et glat igennem, fordi en lille indflydelsesrig sportsmafia, sammen med dele af Naturstyrelsen, har bildt politikerne ind, at de igennem turismeindt\u00e6gter, vil se pengene str\u00f8mme ind.<\/span><\/p>\n<p>Jo mere Naturstyrelsen fremmer MTB, p\u00e5 bekostning af alle andre natur og skovinteresserede, jo mere kaos og selvbestaltede tiltag er der blevet. Endda s\u00e5 grelt, at mange med sm\u00e5 b\u00f8rn og gamle, ikke f\u00e6rdes i skovene l\u00e6ngere. MTB er en katastrofe for vores h\u00e5rdt tr\u00e6ngte natur<\/p>\n<p>__.__.__.__.__.__.__.__.__.__.__.__.__.__.__.__.__.__.__.__.__.__.__.__.__.__.__.__.__.__.__.__.__<\/p>\t\t\t\t\t\t<\/div>\n\t\t\t\t<\/div>\n\t\t\t\t\t<\/div>\n\t\t<\/div>\n\t\t\t\t\t\t\t<\/div>\n\t\t<\/section>\n\t\t\t\t<section class=\"elementor-section elementor-top-section elementor-element elementor-element-16aab01 elementor-section-boxed elementor-section-height-default elementor-section-height-default\" data-id=\"16aab01\" data-element_type=\"section\">\n\t\t\t\t\t\t<div class=\"elementor-container elementor-column-gap-default\">\n\t\t\t\t\t<div class=\"elementor-column elementor-col-50 elementor-top-column elementor-element elementor-element-9eaac1a\" data-id=\"9eaac1a\" data-element_type=\"column\">\n\t\t\t<div class=\"elementor-widget-wrap elementor-element-populated\">\n\t\t\t\t\t\t\t\t<div class=\"elementor-element elementor-element-e72c35e elementor-widget elementor-widget-text-editor\" data-id=\"e72c35e\" data-element_type=\"widget\" data-widget_type=\"text-editor.default\">\n\t\t\t\t<div class=\"elementor-widget-container\">\n\t\t\t\t\t\t\t<p><strong>Annesofie, Hiller\u00f8d 2020<\/strong><\/p>\n<p><span style=\"font-style: inherit; font-weight: inherit; background-color: var(--ast-global-color-5); color: var(--ast-global-color-3);\">&nbsp;<\/span><\/p>\n<p><span style=\"font-style: inherit; font-weight: inherit; background-color: var(--ast-global-color-5); color: var(--ast-global-color-3);\">Jeg bruger meget skoven til at lufte hunde (selvf\u00f8lgelig i snor) og her er der \u00e9n gang blevet k\u00f8rt ind i min hunds line, fordi jeg var for l\u00e6nge om at flytte mig. Der er blevet r\u00e5bt af mig, at jeg skulle skynde mig v\u00e6k, og jeg er blevet forskr\u00e6kket adskillige gange n\u00e5r de kommer dr\u00f8nende bagfra i h\u00f8j fart. Der er mangge af disse sm\u00e5episoder, der er til irritation og \u00f8del\u00e6gger gl\u00e6den ved en tur i skoven. Jeg f\u00f8ler, at alle andre skovg\u00e6ster er der p\u00e5 MTB\u00b4s pr\u00e6misser.<\/span><\/p>\n<p><span style=\"font-style: inherit; font-weight: inherit; background-color: var(--ast-global-color-5); color: var(--ast-global-color-3);\">N\u00e5r det er sagt, s\u00e5 m\u00f8der jeg selvf\u00f8lgelig ogs\u00e5 de hensynsfulde MTB&#8217;ere. Men det \u00e6ndre ikke ved, ar der er blevet for mange, og man hele tiden g\u00e5r og kigger sig over skulderen. Og s\u00e5 har jeg bare sv\u00e6rt ved at forst\u00e5 hvorfor der skal laves racerbane anl\u00e6g i en skov<\/span><\/p><p><span style=\"font-style: inherit; font-weight: inherit; background-color: var(--ast-global-color-5); color: var(--ast-global-color-3);\">__.__.__.__.__.__.__.__.__.__.__.__.__.__.__.__.__.__.__.__.__.__.__.__<\/span><\/p>\t\t\t\t\t\t<\/div>\n\t\t\t\t<\/div>\n\t\t\t\t<div class=\"elementor-element elementor-element-4f9c9c9 elementor-widget elementor-widget-text-editor\" data-id=\"4f9c9c9\" data-element_type=\"widget\" data-widget_type=\"text-editor.default\">\n\t\t\t\t<div class=\"elementor-widget-container\">\n\t\t\t\t\t\t\t\t\t\t\t\t\t<\/div>\n\t\t\t\t<\/div>\n\t\t\t\t\t<\/div>\n\t\t<\/div>\n\t\t\t\t<div class=\"elementor-column elementor-col-50 elementor-top-column elementor-element elementor-element-1440cb8\" data-id=\"1440cb8\" data-element_type=\"column\">\n\t\t\t<div class=\"elementor-widget-wrap elementor-element-populated\">\n\t\t\t\t\t\t\t\t<div class=\"elementor-element elementor-element-7a868e6 elementor-widget elementor-widget-text-editor\" data-id=\"7a868e6\" data-element_type=\"widget\" data-widget_type=\"text-editor.default\">\n\t\t\t\t<div class=\"elementor-widget-container\">\n\t\t\t\t\t\t\t<p><strong>Palle, Lystrup skov 2021<\/strong><\/p><p>\u00a0<\/p><p>Vi bor p\u00e5 Slangerup overdrev, hvor vi oplever en voldsom \u00f8get trafik af cross-cyklister, der k\u00f8re mega mega hurtigt uden at vise det mindste hensyn, uanset om man er til hest, med b\u00f8rn, hund eller blot alene g\u00e5ende. Det er til stor frustration for mange. Alene inde for de sidste 14 dage, er min kone og vores nabo, v\u00e6ret meget t\u00e6t p\u00e5 at blive k\u00f8rt ned, blot fordi de begge kom ud fra deres indk\u00f8rsler og cyklerne skulle forbi i turbovej<\/p><p>S\u00e5 lige nu overvejer vi at s\u00e6tte skilte op for at g\u00f8re opm\u00e6rksom p\u00e5 hvor farligt det kan v\u00e6re. Og unders\u00f8ger ogs\u00e5 hvad man ellers kan g\u00f8re for at minimere gennemk\u00f8rslen. Dr\u00f8n \u00e6rgerligt<\/p><p>__.__.__.__.__.__.__.__.__.__.__.__.__.__.__.__.__.__.__.__.__.__.__.__<\/p>\t\t\t\t\t\t<\/div>\n\t\t\t\t<\/div>\n\t\t\t\t\t<\/div>\n\t\t<\/div>\n\t\t\t\t\t\t\t<\/div>\n\t\t<\/section>\n\t\t\t\t<section class=\"elementor-section elementor-top-section elementor-element elementor-element-c6973cd elementor-section-boxed elementor-section-height-default elementor-section-height-default\" data-id=\"c6973cd\" data-element_type=\"section\">\n\t\t\t\t\t\t<div class=\"elementor-container elementor-column-gap-default\">\n\t\t\t\t\t<div class=\"elementor-column elementor-col-50 elementor-top-column elementor-element elementor-element-12bc466\" data-id=\"12bc466\" data-element_type=\"column\">\n\t\t\t<div class=\"elementor-widget-wrap elementor-element-populated\">\n\t\t\t\t\t\t\t\t<div class=\"elementor-element elementor-element-dfa1a4a elementor-widget elementor-widget-text-editor\" data-id=\"dfa1a4a\" data-element_type=\"widget\" data-widget_type=\"text-editor.default\">\n\t\t\t\t<div class=\"elementor-widget-container\">\n\t\t\t\t\t\t\t<p><strong>Birthe, Frederiksund 2022<\/strong><\/p><p>\u00a0<\/p><p>L\u00f8rdag var jeg p\u00e5 s\u00e6dvanlig ridetur genne skoven og jeg fik \u00f8je p\u00e5 en \u00e6ldre mand der sad p\u00e5 b\u00e6nken. Jeg hilser og g\u00f8r opm\u00e6rksom p\u00e5 jeg kom fra skoven og ikke stien. Han takkede og sagde,-&#8220;ja den ros skal i ryttere have, I hilser altid og g\u00f8r opm\u00e6rksom p\u00e5 jer selv&#8230;. Og s\u00e5 gik snakken ellers. Han fortalte hvordan han hver dag tr\u00e6nede sine dumme ben, som ikke altid gad g\u00e5. Han fortalte, at han var meget \u00f8v p\u00e5 mtb,\u00a0 som m\u00e5ske gjorde opm\u00e6rksom p\u00e5 sig selv og det var ham der ikke h\u00f8rte dem. Han vidste det ikke (d\u00e5rlig h\u00f8relse) Men de tager aldrig farten af og jeg tror sgu snart jeg kster min stok efter dem<\/p><p>__.__.__.__.__.__.__.__.__.__.__.__.__.__.__.__.__.__.__.__.__.__.__<\/p>\t\t\t\t\t\t<\/div>\n\t\t\t\t<\/div>\n\t\t\t\t\t<\/div>\n\t\t<\/div>\n\t\t\t\t<div class=\"elementor-column elementor-col-50 elementor-top-column elementor-element elementor-element-a998a1e\" data-id=\"a998a1e\" data-element_type=\"column\">\n\t\t\t<div class=\"elementor-widget-wrap elementor-element-populated\">\n\t\t\t\t\t\t\t\t<div class=\"elementor-element elementor-element-679c463 elementor-widget elementor-widget-text-editor\" data-id=\"679c463\" data-element_type=\"widget\" data-widget_type=\"text-editor.default\">\n\t\t\t\t<div class=\"elementor-widget-container\">\n\t\t\t\t\t\t\t<p><strong>Annette, Aller\u00f8d 2021<\/strong><\/p><p>\u00a0<\/p><p>Jeg g\u00e5r med mine sm\u00e5 hunde i skoven. Og ja, jeg indr\u00f8mmer, de g\u00e5r i 3 m flexline s\u00e5 de kan bev\u00e6ge sig lidt.<\/p><p>En gang er den ene hund blevet k\u00f8rt ned, da jeg blev overhalet af 4 MTB&#8217;ere i h\u00f8j fart. De gav ikke lyd, og jeg h\u00f8rte dem f\u00f8rst da de var \u00bd m bag mig. Hundene blev d\u00f8d forskr\u00e6kket og den ene l\u00f8b desv\u00e6rre den gale vej ud p\u00e5 stien. M\u00e5ske var det ikke sket hvis de havde v\u00e6ret i helt kort snor, men jeg synes jo de skulle kunne bev\u00e6ge sig lidt uden de dog er uden snor. Og det kunne jo lige s\u00e5 godt have v\u00e6ret et lille barn der var blevet forskr\u00e6kket og v\u00e6ltet ud p\u00e5 stien.<\/p><p>Et par gange mere har det v\u00e6ret ved at g\u00e5 galt, og nu g\u00e5r jeg konstant og kigger mig over skulderen. Det er ikke en afslappende skovtur<\/p><p>Generelt oplever jeg, at det er sj\u00e6ldent der bliver taget fart af cyklerne p\u00e5 de store veje<\/p><p>__.__.__.__.__.__.__.__.__.__.__.__.__.__.__.__.__.__.__.__.__.__.__<\/p><p>\u00a0<\/p>\t\t\t\t\t\t<\/div>\n\t\t\t\t<\/div>\n\t\t\t\t\t<\/div>\n\t\t<\/div>\n\t\t\t\t\t\t\t<\/div>\n\t\t<\/section>\n\t\t\t\t<section class=\"elementor-section elementor-top-section elementor-element elementor-element-e7369e7 elementor-section-boxed elementor-section-height-default elementor-section-height-default\" data-id=\"e7369e7\" data-element_type=\"section\">\n\t\t\t\t\t\t<div class=\"elementor-container elementor-column-gap-default\">\n\t\t\t\t\t<div class=\"elementor-column elementor-col-33 elementor-top-column elementor-element elementor-element-1c90e89\" data-id=\"1c90e89\" data-element_type=\"column\">\n\t\t\t<div class=\"elementor-widget-wrap elementor-element-populated\">\n\t\t\t\t\t\t\t\t<div class=\"elementor-element elementor-element-ac12ac9 elementor-widget elementor-widget-text-editor\" data-id=\"ac12ac9\" data-element_type=\"widget\" data-widget_type=\"text-editor.default\">\n\t\t\t\t<div class=\"elementor-widget-container\">\n\t\t\t\t\t\t\t<p><strong>Marianne, Lystrup 2022<\/strong><\/p><p>\u00a0<\/p><p>P\u00e5<span style=\"font-style: inherit; font-weight: inherit; background-color: var(--ast-global-color-5); color: var(--ast-global-color-3);\">\u00a0tur med hundene torsdag middagstid. Gik p\u00e5 den lille smalle skovsti langs Lystrupvej, hvor man ogs\u00e5 g\u00e5r over en lille bro.<\/span><\/p><p>Stort set hver gang jeg g\u00e5r p\u00e5 den sti, bliver jeg passeret af mtb&#8217;ere til trods for mtb-sporet l\u00f8ber 2 m ved siden af. Stien er meget smal, s\u00e5 jeg skal hver gang ud i br\u00e6nd\u00e6lderne med hundene for at mtb kan passere.<\/p><p>Den torsdag blev jeg passeret tre gange. Ved den sidste cykelrytter kunne jeg ikke lade v\u00e6re at sp\u00f8rge,(jeg spurgte stille og p\u00e6nt) hvorfor det var han ikke benyttede cykelsporet der l\u00e5 lige ved siden af. Jeg fik et surt svar retur -&#8220;det her er alts\u00e5 ogs\u00e5 en cykelsti, for vi m\u00e5 alts\u00e5 cykle p\u00e5 alle stier<\/p><p>__.__.__.__.__.__.__.__.__.__.__.__.__.__.__.__<\/p>\t\t\t\t\t\t<\/div>\n\t\t\t\t<\/div>\n\t\t\t\t\t<\/div>\n\t\t<\/div>\n\t\t\t\t<div class=\"elementor-column elementor-col-33 elementor-top-column elementor-element elementor-element-7e2caa4\" data-id=\"7e2caa4\" data-element_type=\"column\">\n\t\t\t<div class=\"elementor-widget-wrap elementor-element-populated\">\n\t\t\t\t\t\t\t\t<div class=\"elementor-element elementor-element-75df9be elementor-widget elementor-widget-text-editor\" data-id=\"75df9be\" data-element_type=\"widget\" data-widget_type=\"text-editor.default\">\n\t\t\t\t<div class=\"elementor-widget-container\">\n\t\t\t\t\t\t\t<p><strong>Emilie, Holte 2022<\/strong><\/p><p><span style=\"font-style: inherit; font-weight: inherit; background-color: var(--ast-global-color-5); color: var(--ast-global-color-3);\">\u00a0<\/span><\/p><p><span style=\"font-style: inherit; font-weight: inherit; background-color: var(--ast-global-color-5); color: var(--ast-global-color-3);\">L\u00f8rdag morgen kl 10 i skoven. Ingen p-pladser. Alle biler er med cykelholder. Vi m\u00e5 overveje hvilken vej vi g\u00e5r med hundene for at sikre vi ikke bliver k\u00f8rt ned bagfra. De bruger ikke ringeklokker og er alle vegne r\u00e5bende til hinanden. Hold op hvor er det bare blevet for meget!!!<\/span><\/p>\t\t\t\t\t\t<\/div>\n\t\t\t\t<\/div>\n\t\t\t\t\t<\/div>\n\t\t<\/div>\n\t\t\t\t<div class=\"elementor-column elementor-col-33 elementor-top-column elementor-element elementor-element-548a3bd\" data-id=\"548a3bd\" data-element_type=\"column\">\n\t\t\t<div class=\"elementor-widget-wrap elementor-element-populated\">\n\t\t\t\t\t\t\t\t<div class=\"elementor-element elementor-element-60f8552 elementor-widget elementor-widget-text-editor\" data-id=\"60f8552\" data-element_type=\"widget\" data-widget_type=\"text-editor.default\">\n\t\t\t\t<div class=\"elementor-widget-container\">\n\t\t\t\t\t\t\t<p><strong>Cecilie, Hiller\u00f8d 2021<\/strong><\/p><p>\u00a0<\/p><p>Jeg er noget bekymret over ridesti, mtb&#8211;spor og vej er s\u00e5 t\u00e6t p\u00e5 hinanden. Vi kommer alle med hver vores interesser, og jeg s\u00e5 gerne en sikker l\u00f8sning og plads til alle. Jeg synes bare ikke det harmonerer med mtb-spor, eller m\u00e5ske h\u00f8j fart der hvor andre f\u00e6rdes. Jeg var bogstavlig talt, ved at blive at blive sat godt og grundig af til hest i dag. Cykelrytter h\u00e6vder det er en cykelsti (og dermed hans ret) men jeg er fortsat fysisk h\u00e5rdt ramt af episoden. jeg har brugt Lystrup skov i 20 \u00e5r, og jeg m\u00e5 indr\u00f8mme, at jeg ikke l\u00e6ngere f\u00f8ler mig tryg og er begyndt at tr\u00e6kke mig. \u00d8nsker ikke at h\u00e6nge nogen ud, og der skal jo v\u00e6re plads til alle. Men pladsen er blevet lidt tr\u00e6ngt og MTB spor fylder overalt. Mon ikke dyrene ogs\u00e5 p\u00e5virkes af det pres der er. Hvad siger NST til hele den problematik der er kommet?<\/p><p>__.__.__.__.__.__.__.__.__.__.__.__.__.__.__<\/p>\t\t\t\t\t\t<\/div>\n\t\t\t\t<\/div>\n\t\t\t\t\t<\/div>\n\t\t<\/div>\n\t\t\t\t\t\t\t<\/div>\n\t\t<\/section>\n\t\t\t\t<section class=\"elementor-section elementor-top-section elementor-element elementor-element-08db237 elementor-section-boxed elementor-section-height-default elementor-section-height-default\" data-id=\"08db237\" data-element_type=\"section\">\n\t\t\t\t\t\t<div class=\"elementor-container elementor-column-gap-default\">\n\t\t\t\t\t<div class=\"elementor-column elementor-col-50 elementor-top-column elementor-element elementor-element-b705cad\" data-id=\"b705cad\" data-element_type=\"column\">\n\t\t\t<div class=\"elementor-widget-wrap elementor-element-populated\">\n\t\t\t\t\t\t\t\t<div class=\"elementor-element elementor-element-24f4757 elementor-widget elementor-widget-text-editor\" data-id=\"24f4757\" data-element_type=\"widget\" data-widget_type=\"text-editor.default\">\n\t\t\t\t<div class=\"elementor-widget-container\">\n\t\t\t\t\t\t\t<p><strong>Charlotte, V\u00e6rl\u00f8se 2020<\/strong><\/p><p>\u00a0<\/p><p>Jeg er selv rytter, og ogs\u00e5 flittig bruger af skoven, hvor jeg g\u00e5r med mine hunde 2 x dagligt. Dette har\u00a0 jeg gjort i 32 \u00e5r.<\/p><p>Jeg er opdraget med, at uanset hvor mange vi kommer ridende og uanset farten, s\u00e5 tager vi ned i skridt og tr\u00e6kker ind til siden n\u00e5r vi passerer andre.<\/p><p>Jeg m\u00f8der mange p\u00e5 cykel, der bare er ude\u00a0 at hyggecykle og som er opdraget lige s\u00e5dan. De tager farten af og tr\u00e6kker ind<\/p><p>Dem, som derimod \u00e5benbart har f\u00e5et sig en dr\u00e6bermaskine p\u00e5 2 hjul med dertil h\u00f8rende udstyr, de opf\u00f8rer sig som de cykelryttere vi m\u00f8der p\u00e5 vejene. Hvilke er egoistisk, farligt og uden hensyn til andre trafikanter af nogen art.<\/p><p>Jeg forst\u00e5r godt de vil k\u00f8re og tr\u00e6ne sammen. Det b\u00f8r nok bare v\u00e6re p\u00e5 et lukket omr\u00e5de hvor de ikke er til fare for andre end dem selv.<\/p><p>Mountainbike som sportsgren, med den hastighed og manglende hensyntagen, mener jeg ikke h\u00f8rer til i skoven<\/p><p>Det er direkte farligt, at v\u00e6re rytter i en skov hvor der er mountainbikere der ikke tager hensyn. Ikke kun for hest og rytter, men sandelig ogs\u00e5 for mountainbikeren selv.<\/p><p>Fedt der er taget hul p\u00e5 den dialog<\/p><p>__.__.__.__.__.__.__.__.__.__.__.__.__.__.__.__.__.__.__.__.__.__.__.__<\/p>\t\t\t\t\t\t<\/div>\n\t\t\t\t<\/div>\n\t\t\t\t\t<\/div>\n\t\t<\/div>\n\t\t\t\t<div class=\"elementor-column elementor-col-50 elementor-top-column elementor-element elementor-element-e10380c\" data-id=\"e10380c\" data-element_type=\"column\">\n\t\t\t<div class=\"elementor-widget-wrap elementor-element-populated\">\n\t\t\t\t\t\t\t\t<div class=\"elementor-element elementor-element-afae644 elementor-widget elementor-widget-text-editor\" data-id=\"afae644\" data-element_type=\"widget\" data-widget_type=\"text-editor.default\">\n\t\t\t\t<div class=\"elementor-widget-container\">\n\t\t\t\t\t\t\t<p><strong>Karla, N\u00e6stved 2024<\/strong><\/p><p>\u00a0<\/p><p>MTB og faet skr\u00e6mmer os g\u00e5ende i skoven.<\/p><p>Jeg har v\u00e6ret ved at blive k\u00f8rt ned flere gange af cykler der maser sig forbi og efterf\u00f8lgende blevet r\u00e5bt af, at hva f&#8230;. jeg laver midt p\u00e5 vejen<\/p><p>Jeg har ogs\u00e5 p\u00e5 hesteryg, v\u00e6ret t\u00e6t p\u00e5 frontalt sammenst\u00f8d. MTB cykler p\u00e5 ridestierne uden hensyn, og kun med fokus p\u00e5 deres egen tid i hovedet.<\/p><p>Dette er et par \u00e5r siden. Jeg t\u00f8r ikke ride i skovene N\u00e6stved l\u00e6ngere. MTB fylder alt for meget.<\/p><p>Skoven skal ikke v\u00e6re en tr\u00e6ningshal med fart og huhej. Det kunne v\u00e6re rart med nogle stille skove som fra f\u00f8r MTB gjorde deres indtog i skovene<\/p>\t\t\t\t\t\t<\/div>\n\t\t\t\t<\/div>\n\t\t\t\t\t<\/div>\n\t\t<\/div>\n\t\t\t\t\t\t\t<\/div>\n\t\t<\/section>\n\t\t\t\t\t\t\t<\/div>\n\t\t","protected":false},"excerpt":{"rendered":"<p>Beretninger Medlemmers beretninger. Alle fort\u00e6llinger er anonymiseret, men er redaktionen bekendt Svend, Slangerup 2021 \u00a0 Lystrup skov er en lille skov, og naturelskere har i mange \u00e5r kunne f\u00e6rdes i ro og fred.\u00a0 Men det kan de ikke l\u00e6ngere.\u00a0 Jeg var af den opfattelse,\u00a0 at naturstyrelsen ville v\u00e6rne om naturen, men det er \u00e5benlyst ikke &hellip;<\/p>\n<p class=\"read-more\"> <a class=\"\" href=\"https:\/\/mindremtb.dk\/index.php\/oplevelser-kommentarer\/\"> <span class=\"screen-reader-text\">Beretninger<\/span> L\u00e6s mere &raquo;<\/a><\/p>\n","protected":false},"author":1,"featured_media":0,"parent":0,"menu_order":0,"comment_status":"closed","ping_status":"closed","template":"","meta":{"site-sidebar-layout":"no-sidebar","site-content-layout":"page-builder","ast-site-content-layout":"","site-content-style":"default","site-sidebar-style":"default","ast-global-header-display":"","ast-banner-title-visibility":"","ast-main-header-display":"","ast-hfb-above-header-display":"","ast-hfb-below-header-display":"","ast-hfb-mobile-header-display":"","site-post-title":"disabled","ast-breadcrumbs-content":"","ast-featured-img":"disabled","footer-sml-layout":"","theme-transparent-header-meta":"","adv-header-id-meta":"","stick-header-meta":"","header-above-stick-meta":"","header-main-stick-meta":"","header-below-stick-meta":"","astra-migrate-meta-layouts":"default","ast-page-background-enabled":"default","ast-page-background-meta":{"desktop":{"background-color":"var(--ast-global-color-4)","background-image":"","background-repeat":"repeat","background-position":"center center","background-size":"auto","background-attachment":"scroll","background-type":"","background-media":"","overlay-type":"","overlay-color":"","overlay-gradient":""},"tablet":{"background-color":"","background-image":"","background-repeat":"repeat","background-position":"center center","background-size":"auto","background-attachment":"scroll","background-type":"","background-media":"","overlay-type":"","overlay-color":"","overlay-gradient":""},"mobile":{"background-color":"","background-image":"","background-repeat":"repeat","background-position":"center center","background-size":"auto","background-attachment":"scroll","background-type":"","background-media":"","overlay-type":"","overlay-color":"","overlay-gradient":""}},"ast-content-background-meta":{"desktop":{"background-color":"var(--ast-global-color-5)","background-image":"","background-repeat":"repeat","background-position":"center center","background-size":"auto","background-attachment":"scroll","background-type":"","background-media":"","overlay-type":"","overlay-color":"","overlay-gradient":""},"tablet":{"background-color":"var(--ast-global-color-5)","background-image":"","background-repeat":"repeat","background-position":"center center","background-size":"auto","background-attachment":"scroll","background-type":"","background-media":"","overlay-type":"","overlay-color":"","overlay-gradient":""},"mobile":{"background-color":"var(--ast-global-color-5)","background-image":"","background-repeat":"repeat","background-position":"center center","background-size":"auto","background-attachment":"scroll","background-type":"","background-media":"","overlay-type":"","overlay-color":"","overlay-gradient":""}},"footnotes":""},"yoast_head":"<!-- This site is optimized with the Yoast SEO plugin v21.7 - https:\/\/yoast.com\/wordpress\/plugins\/seo\/ -->\n<title>Beretninger - Mindre MTB i danske skove<\/title>\n<meta name=\"robots\" content=\"index, follow, max-snippet:-1, max-image-preview:large, max-video-preview:-1\" \/>\n<link rel=\"canonical\" href=\"https:\/\/mindremtb.dk\/index.php\/oplevelser-kommentarer\/\" \/>\n<meta property=\"og:locale\" content=\"da_DK\" \/>\n<meta property=\"og:type\" content=\"article\" \/>\n<meta property=\"og:title\" content=\"Beretninger - Mindre MTB i danske skove\" \/>\n<meta property=\"og:description\" content=\"Beretninger Medlemmers beretninger. Alle fort\u00e6llinger er anonymiseret, men er redaktionen bekendt Svend, Slangerup 2021 \u00a0 Lystrup skov er en lille skov, og naturelskere har i mange \u00e5r kunne f\u00e6rdes i ro og fred.\u00a0 Men det kan de ikke l\u00e6ngere.\u00a0 Jeg var af den opfattelse,\u00a0 at naturstyrelsen ville v\u00e6rne om naturen, men det er \u00e5benlyst ikke &hellip; Beretninger L\u00e6s mere &raquo;\" \/>\n<meta property=\"og:url\" content=\"https:\/\/mindremtb.dk\/index.php\/oplevelser-kommentarer\/\" \/>\n<meta property=\"og:site_name\" content=\"Mindre MTB i danske skove\" \/>\n<meta property=\"article:publisher\" content=\"https:\/\/www.facebook.com\/groups\/609189084030969\" \/>\n<meta property=\"article:modified_time\" content=\"2024-03-25T19:59:21+00:00\" \/>\n<meta property=\"og:image\" content=\"https:\/\/mindremtb.dk\/wp-content\/uploads\/2023\/04\/pexels-jonathan-cooper-11715051-200x300.jpg\" \/>\n<meta name=\"twitter:card\" content=\"summary_large_image\" \/>\n<meta name=\"twitter:label1\" content=\"Estimeret l\u00e6setid\" \/>\n\t<meta name=\"twitter:data1\" content=\"29 minutter\" \/>\n<script type=\"application\/ld+json\" class=\"yoast-schema-graph\">{\"@context\":\"https:\/\/schema.org\",\"@graph\":[{\"@type\":\"WebPage\",\"@id\":\"https:\/\/mindremtb.dk\/index.php\/oplevelser-kommentarer\/\",\"url\":\"https:\/\/mindremtb.dk\/index.php\/oplevelser-kommentarer\/\",\"name\":\"Beretninger - Mindre MTB i danske skove\",\"isPartOf\":{\"@id\":\"https:\/\/mindremtb.dk\/#website\"},\"datePublished\":\"2023-07-14T07:53:22+00:00\",\"dateModified\":\"2024-03-25T19:59:21+00:00\",\"breadcrumb\":{\"@id\":\"https:\/\/mindremtb.dk\/index.php\/oplevelser-kommentarer\/#breadcrumb\"},\"inLanguage\":\"da-DK\",\"potentialAction\":[{\"@type\":\"ReadAction\",\"target\":[\"https:\/\/mindremtb.dk\/index.php\/oplevelser-kommentarer\/\"]}]},{\"@type\":\"BreadcrumbList\",\"@id\":\"https:\/\/mindremtb.dk\/index.php\/oplevelser-kommentarer\/#breadcrumb\",\"itemListElement\":[{\"@type\":\"ListItem\",\"position\":1,\"name\":\"Home\",\"item\":\"https:\/\/mindremtb.dk\/\"},{\"@type\":\"ListItem\",\"position\":2,\"name\":\"Beretninger\"}]},{\"@type\":\"WebSite\",\"@id\":\"https:\/\/mindremtb.dk\/#website\",\"url\":\"https:\/\/mindremtb.dk\/\",\"name\":\"Mindre MTB i danske skove\",\"description\":\"Mindre MTB\",\"publisher\":{\"@id\":\"https:\/\/mindremtb.dk\/#organization\"},\"potentialAction\":[{\"@type\":\"SearchAction\",\"target\":{\"@type\":\"EntryPoint\",\"urlTemplate\":\"https:\/\/mindremtb.dk\/?s={search_term_string}\"},\"query-input\":\"required name=search_term_string\"}],\"inLanguage\":\"da-DK\"},{\"@type\":\"Organization\",\"@id\":\"https:\/\/mindremtb.dk\/#organization\",\"name\":\"Mindre MTB i danske skove\",\"url\":\"https:\/\/mindremtb.dk\/\",\"logo\":{\"@type\":\"ImageObject\",\"inLanguage\":\"da-DK\",\"@id\":\"https:\/\/mindremtb.dk\/#\/schema\/logo\/image\/\",\"url\":\"https:\/\/mindremtb.dk\/wp-content\/uploads\/2023\/03\/cropped-cropped-picwish.png\",\"contentUrl\":\"https:\/\/mindremtb.dk\/wp-content\/uploads\/2023\/03\/cropped-cropped-picwish.png\",\"width\":669,\"height\":540,\"caption\":\"Mindre MTB i danske skove\"},\"image\":{\"@id\":\"https:\/\/mindremtb.dk\/#\/schema\/logo\/image\/\"},\"sameAs\":[\"https:\/\/www.facebook.com\/groups\/609189084030969\"]}]}<\/script>\n<!-- \/ Yoast SEO plugin. -->","yoast_head_json":{"title":"Beretninger - Mindre MTB i danske skove","robots":{"index":"index","follow":"follow","max-snippet":"max-snippet:-1","max-image-preview":"max-image-preview:large","max-video-preview":"max-video-preview:-1"},"canonical":"https:\/\/mindremtb.dk\/index.php\/oplevelser-kommentarer\/","og_locale":"da_DK","og_type":"article","og_title":"Beretninger - Mindre MTB i danske skove","og_description":"Beretninger Medlemmers beretninger. Alle fort\u00e6llinger er anonymiseret, men er redaktionen bekendt Svend, Slangerup 2021 \u00a0 Lystrup skov er en lille skov, og naturelskere har i mange \u00e5r kunne f\u00e6rdes i ro og fred.\u00a0 Men det kan de ikke l\u00e6ngere.\u00a0 Jeg var af den opfattelse,\u00a0 at naturstyrelsen ville v\u00e6rne om naturen, men det er \u00e5benlyst ikke &hellip; Beretninger L\u00e6s mere &raquo;","og_url":"https:\/\/mindremtb.dk\/index.php\/oplevelser-kommentarer\/","og_site_name":"Mindre MTB i danske skove","article_publisher":"https:\/\/www.facebook.com\/groups\/609189084030969","article_modified_time":"2024-03-25T19:59:21+00:00","og_image":[{"url":"https:\/\/mindremtb.dk\/wp-content\/uploads\/2023\/04\/pexels-jonathan-cooper-11715051-200x300.jpg"}],"twitter_card":"summary_large_image","twitter_misc":{"Estimeret l\u00e6setid":"29 minutter"},"schema":{"@context":"https:\/\/schema.org","@graph":[{"@type":"WebPage","@id":"https:\/\/mindremtb.dk\/index.php\/oplevelser-kommentarer\/","url":"https:\/\/mindremtb.dk\/index.php\/oplevelser-kommentarer\/","name":"Beretninger - Mindre MTB i danske skove","isPartOf":{"@id":"https:\/\/mindremtb.dk\/#website"},"datePublished":"2023-07-14T07:53:22+00:00","dateModified":"2024-03-25T19:59:21+00:00","breadcrumb":{"@id":"https:\/\/mindremtb.dk\/index.php\/oplevelser-kommentarer\/#breadcrumb"},"inLanguage":"da-DK","potentialAction":[{"@type":"ReadAction","target":["https:\/\/mindremtb.dk\/index.php\/oplevelser-kommentarer\/"]}]},{"@type":"BreadcrumbList","@id":"https:\/\/mindremtb.dk\/index.php\/oplevelser-kommentarer\/#breadcrumb","itemListElement":[{"@type":"ListItem","position":1,"name":"Home","item":"https:\/\/mindremtb.dk\/"},{"@type":"ListItem","position":2,"name":"Beretninger"}]},{"@type":"WebSite","@id":"https:\/\/mindremtb.dk\/#website","url":"https:\/\/mindremtb.dk\/","name":"Mindre MTB i danske skove","description":"Mindre MTB","publisher":{"@id":"https:\/\/mindremtb.dk\/#organization"},"potentialAction":[{"@type":"SearchAction","target":{"@type":"EntryPoint","urlTemplate":"https:\/\/mindremtb.dk\/?s={search_term_string}"},"query-input":"required name=search_term_string"}],"inLanguage":"da-DK"},{"@type":"Organization","@id":"https:\/\/mindremtb.dk\/#organization","name":"Mindre MTB i danske skove","url":"https:\/\/mindremtb.dk\/","logo":{"@type":"ImageObject","inLanguage":"da-DK","@id":"https:\/\/mindremtb.dk\/#\/schema\/logo\/image\/","url":"https:\/\/mindremtb.dk\/wp-content\/uploads\/2023\/03\/cropped-cropped-picwish.png","contentUrl":"https:\/\/mindremtb.dk\/wp-content\/uploads\/2023\/03\/cropped-cropped-picwish.png","width":669,"height":540,"caption":"Mindre MTB i danske skove"},"image":{"@id":"https:\/\/mindremtb.dk\/#\/schema\/logo\/image\/"},"sameAs":["https:\/\/www.facebook.com\/groups\/609189084030969"]}]}},"_links":{"self":[{"href":"https:\/\/mindremtb.dk\/index.php\/wp-json\/wp\/v2\/pages\/2356"}],"collection":[{"href":"https:\/\/mindremtb.dk\/index.php\/wp-json\/wp\/v2\/pages"}],"about":[{"href":"https:\/\/mindremtb.dk\/index.php\/wp-json\/wp\/v2\/types\/page"}],"author":[{"embeddable":true,"href":"https:\/\/mindremtb.dk\/index.php\/wp-json\/wp\/v2\/users\/1"}],"replies":[{"embeddable":true,"href":"https:\/\/mindremtb.dk\/index.php\/wp-json\/wp\/v2\/comments?post=2356"}],"version-history":[{"count":271,"href":"https:\/\/mindremtb.dk\/index.php\/wp-json\/wp\/v2\/pages\/2356\/revisions"}],"predecessor-version":[{"id":3212,"href":"https:\/\/mindremtb.dk\/index.php\/wp-json\/wp\/v2\/pages\/2356\/revisions\/3212"}],"wp:attachment":[{"href":"https:\/\/mindremtb.dk\/index.php\/wp-json\/wp\/v2\/media?parent=2356"}],"curies":[{"name":"wp","href":"https:\/\/api.w.org\/{rel}","templated":true}]}}